{"id":7468,"date":"2025-10-08T10:55:57","date_gmt":"2025-10-08T08:55:57","guid":{"rendered":"https:\/\/weloveworkspaces.com\/proyectos\/difmaq\/"},"modified":"2025-10-22T12:37:15","modified_gmt":"2025-10-22T10:37:15","slug":"difmaq","status":"publish","type":"proyecto","link":"https:\/\/weloveworkspaces.com\/ca\/proyectos\/difmaq\/","title":{"rendered":"Difmaq"},"content":{"rendered":"<p>[et_pb_section fb_built=&#8221;1&#8243; _builder_version=&#8221;4.27.4&#8243; _module_preset=&#8221;default&#8221; custom_padding=&#8221;0px||0px||true|false&#8221; global_colors_info=&#8221;{}&#8221;][et_pb_row _builder_version=&#8221;4.27.4&#8243; _module_preset=&#8221;default&#8221; width=&#8221;90%&#8221; custom_padding=&#8221;1.5em||1.5em||true|false&#8221; global_colors_info=&#8221;{}&#8221;][et_pb_column type=&#8221;4_4&#8243; _builder_version=&#8221;4.27.4&#8243; _module_preset=&#8221;default&#8221; global_colors_info=&#8221;{}&#8221; custom_css_main_element_last_edited=&#8221;on|phone&#8221; custom_css_main_element_tablet=&#8221;margin-bottom:1.5em;&#8221; custom_css_main_element_phone=&#8221;margin-bottom:1em;&#8221;][et_pb_heading title=&#8221;@ET-DC@eyJkeW5hbWljIjp0cnVlLCJjb250ZW50IjoicG9zdF90aXRsZSIsInNldHRpbmdzIjp7ImJlZm9yZSI6IiIsImFmdGVyIjoiIn19@&#8221; _builder_version=&#8221;4.27.4&#8243; _dynamic_attributes=&#8221;title&#8221; _module_preset=&#8221;default&#8221; title_font=&#8221;|700|||||||&#8221; title_font_size=&#8221;40px&#8221; title_line_height=&#8221;1.2em&#8221; custom_margin=&#8221;||0.5em||false|false&#8221; hover_enabled=&#8221;0&#8243; title_font_size_tablet=&#8221;35px&#8221; title_font_size_phone=&#8221;30px&#8221; title_font_size_last_edited=&#8221;on|phone&#8221; custom_css_free_form=&#8221;selector h1{||  padding-bottom:0em;||}&#8221; global_colors_info=&#8221;{}&#8221; title_text_color=&#8221;#26a86f&#8221; sticky_enabled=&#8221;0&#8243;][\/et_pb_heading][et_pb_code _builder_version=&#8221;4.27.4&#8243; _module_preset=&#8221;default&#8221; hover_enabled=&#8221;0&#8243; global_colors_info=&#8221;{}&#8221; sticky_enabled=&#8221;0&#8243; locked=&#8221;off&#8221;]<span class=\"etiqueta-categoria-proyecto\">Industrial, Oficines<\/span>[\/et_pb_code][et_pb_text _builder_version=&#8221;4.27.4&#8243; _module_preset=&#8221;default&#8221; text_font=&#8221;|300|||||||&#8221; hover_enabled=&#8221;0&#8243; global_colors_info=&#8221;{}&#8221; text_font_size=&#8221;18px&#8221; sticky_enabled=&#8221;0&#8243;]<\/p>\n<p>La nau industrial de l\u2019empresa Difmaq necessitava un nou espai per a les seves oficines. Cercaven crear un espai confortable i flexible, per fomentar un entorn de treball m\u00e9s col\u00b7laboratiu i creatiu, i, per aconseguir-ho, WeLoveWorkSpaces va aplicar el seu know-how per a la remodelaci\u00f3 dels interiors, basant-se en les noves tend\u00e8ncies en el m\u00f3n de les oficines, que busquen generar espais de treball m\u00e9s informals per afavorir la col\u00b7laboraci\u00f3, tot tenint en compte que tamb\u00e9 hi hagi \u00e0rees m\u00e9s privades que permetin la concentraci\u00f3.<\/p>\n<p>[\/et_pb_text][\/et_pb_column][\/et_pb_row][et_pb_row _builder_version=&#8221;4.27.4&#8243; _module_preset=&#8221;default&#8221; width=&#8221;90%&#8221; custom_padding=&#8221;1.5em||1.5em||true|false&#8221; global_colors_info=&#8221;{}&#8221;][et_pb_column type=&#8221;4_4&#8243; _builder_version=&#8221;4.27.4&#8243; _module_preset=&#8221;default&#8221; global_colors_info=&#8221;{}&#8221;][et_pb_image src=&#8221;@ET-DC@eyJkeW5hbWljIjp0cnVlLCJjb250ZW50IjoicG9zdF9mZWF0dXJlZF9pbWFnZSIsInNldHRpbmdzIjp7fX0=@&#8221; title_text=&#8221;weloveworkspaces-w-team-equipo&#8221; _builder_version=&#8221;4.27.4&#8243; _dynamic_attributes=&#8221;src&#8221; _module_preset=&#8221;default&#8221; global_colors_info=&#8221;{}&#8221;][\/et_pb_image][\/et_pb_column][\/et_pb_row][et_pb_row column_structure=&#8221;1_2,1_2&#8243; _builder_version=&#8221;4.27.4&#8243; _module_preset=&#8221;default&#8221; width=&#8221;90%&#8221; custom_padding=&#8221;1.5em||1.5em||true|false&#8221; global_colors_info=&#8221;{}&#8221;][et_pb_column type=&#8221;1_2&#8243; _builder_version=&#8221;4.27.4&#8243; _module_preset=&#8221;default&#8221; custom_padding=&#8221;||||false|false&#8221; global_colors_info=&#8221;{}&#8221; custom_css_main_element_last_edited=&#8221;on|phone&#8221; custom_css_main_element_tablet=&#8221;margin-bottom:1.5em;&#8221; custom_css_main_element_phone=&#8221;margin-bottom:1em;&#8221;][et_pb_text _builder_version=&#8221;4.27.4&#8243; _module_preset=&#8221;default&#8221; header_font=&#8221;|300|||||||&#8221; header_font_size=&#8221;40px&#8221; header_2_font=&#8221;|300|||||||&#8221; header_2_text_align=&#8221;left&#8221; header_2_font_size=&#8221;40px&#8221; custom_margin=&#8221;||0em||false|false&#8221; custom_padding=&#8221;||0px||false|false&#8221; header_font_size_tablet=&#8221;35px&#8221; header_font_size_phone=&#8221;30px&#8221; header_font_size_last_edited=&#8221;on|phone&#8221; header_2_font_size_tablet=&#8221;35px&#8221; header_2_font_size_phone=&#8221;30px&#8221; header_2_font_size_last_edited=&#8221;on|phone&#8221; custom_css_free_form=&#8221;selector h2{||  margin-bottom:0px;||  padding-bottom:0px;||}&#8221; locked=&#8221;off&#8221; global_colors_info=&#8221;{}&#8221;]<\/p>\n<h2>L\u2019enc\u00e0rrec<\/h2>\n<p>[\/et_pb_text][\/et_pb_column][et_pb_column type=&#8221;1_2&#8243; _builder_version=&#8221;4.27.4&#8243; _module_preset=&#8221;default&#8221; global_colors_info=&#8221;{}&#8221;][et_pb_text _builder_version=&#8221;4.27.4&#8243; _module_preset=&#8221;default&#8221; text_font=&#8221;|300|||||||&#8221; text_font_size=&#8221;20px&#8221; text_line_height=&#8221;1.5em&#8221; text_font_size_tablet=&#8221;20px&#8221; text_font_size_phone=&#8221;18px&#8221; text_font_size_last_edited=&#8221;on|tablet&#8221; custom_css_free_form=&#8221;selector ul{||  padding-left:2em !important;||  padding-top:0.5em !important;||}||selector li{||  margin-bottom:0.5em;||}||selector em{||  color:#1C875B;||  font-style:normal;||}||selector ::marker{||  color:#1C875B;||}&#8221; global_colors_info=&#8221;{}&#8221;]<\/p>\n<p>El client ha volgut definir les seg\u00fcents \u00e0rees:<\/p>\n<ul>\n<li>Oficina t\u00e8cnica de planta oberta.<\/li>\n<li>Una sala de reunions.<\/li>\n<li>\u00c0rea de descans \/ dinar del personal.<\/li>\n<li>Zona de recepci\u00f3, amb tamborets alts.<\/li>\n<li>Zona de showroom.<\/li>\n<li>Zona de muntatge industrial.<\/li>\n<li>Banys i vestidors.<\/li>\n<\/ul>\n<p>[\/et_pb_text][\/et_pb_column][\/et_pb_row][et_pb_row _builder_version=&#8221;4.27.4&#8243; _module_preset=&#8221;default&#8221; width=&#8221;90%&#8221; custom_padding=&#8221;1.5em||1.5em||true|false&#8221; global_colors_info=&#8221;{}&#8221;][et_pb_column type=&#8221;4_4&#8243; _builder_version=&#8221;4.27.4&#8243; _module_preset=&#8221;default&#8221; global_colors_info=&#8221;{}&#8221;][et_pb_image src=&#8221;https:\/\/weloveworkspaces.com\/wp-content\/uploads\/oficina-difmaq-WeloveworkSpaces-1-LR.webp&#8221; alt=&#8221;Edifici industrial DIFMAQ renovat per WeLoveWorkSpaces, amb disseny funcional i senyalitzaci\u00f3 corporativa visible a l\u2019exterior.&#8221; title_text=&#8221;oficina-difmaq-WeloveworkSpaces-1-LR&#8221; _builder_version=&#8221;4.27.4&#8243; _module_preset=&#8221;default&#8221; global_colors_info=&#8221;{}&#8221;][\/et_pb_image][\/et_pb_column][\/et_pb_row][et_pb_row column_structure=&#8221;1_2,1_2&#8243; _builder_version=&#8221;4.27.4&#8243; _module_preset=&#8221;default&#8221; width=&#8221;90%&#8221; custom_padding=&#8221;1.5em||1.5em||true|false&#8221; locked=&#8221;off&#8221; global_colors_info=&#8221;{}&#8221;][et_pb_column type=&#8221;1_2&#8243; _builder_version=&#8221;4.27.4&#8243; _module_preset=&#8221;default&#8221; custom_padding=&#8221;||||false|false&#8221; global_colors_info=&#8221;{}&#8221; custom_css_main_element_last_edited=&#8221;on|phone&#8221; custom_css_main_element_tablet=&#8221;margin-bottom:1.5em;&#8221; custom_css_main_element_phone=&#8221;margin-bottom:1em;&#8221;][et_pb_text _builder_version=&#8221;4.27.4&#8243; _module_preset=&#8221;default&#8221; header_font=&#8221;|300|||||||&#8221; header_font_size=&#8221;40px&#8221; header_2_font=&#8221;|300|||||||&#8221; header_2_text_align=&#8221;left&#8221; header_2_font_size=&#8221;40px&#8221; custom_margin=&#8221;||0em||false|false&#8221; custom_padding=&#8221;||0px||false|false&#8221; header_font_size_tablet=&#8221;35px&#8221; header_font_size_phone=&#8221;30px&#8221; header_font_size_last_edited=&#8221;on|phone&#8221; header_2_font_size_tablet=&#8221;35px&#8221; header_2_font_size_phone=&#8221;30px&#8221; header_2_font_size_last_edited=&#8221;on|phone&#8221; custom_css_free_form=&#8221;selector h2{||  margin-bottom:0px;||  padding-bottom:0px;||}&#8221; locked=&#8221;off&#8221; global_colors_info=&#8221;{}&#8221;]<\/p>\n<h2>L\u2019enfocament<\/h2>\n<p>[\/et_pb_text][\/et_pb_column][et_pb_column type=&#8221;1_2&#8243; _builder_version=&#8221;4.27.4&#8243; _module_preset=&#8221;default&#8221; global_colors_info=&#8221;{}&#8221;][et_pb_text _builder_version=&#8221;4.27.4&#8243; _module_preset=&#8221;default&#8221; text_font=&#8221;|300|||||||&#8221; text_font_size=&#8221;20px&#8221; text_line_height=&#8221;1.5em&#8221; text_font_size_tablet=&#8221;20px&#8221; text_font_size_phone=&#8221;18px&#8221; text_font_size_last_edited=&#8221;on|tablet&#8221; custom_css_free_form=&#8221;selector ul{||  padding-left:2em !important;||  padding-top:0.5em !important;||}||selector li{||  margin-bottom:0.5em;||}||selector em{||  color:#1C875B;||  font-style:normal;||}||selector ::marker{||  color:#1C875B;||}&#8221; global_colors_info=&#8221;{}&#8221;]Vam proposar un espai d\u2019OpenSpace, mitjan\u00e7ant mobiliari ergon\u00f2mic i confortable, disposant il\u00b7luminaci\u00f3 c\u00e0lida al llarg dels espais, tant per a la concentraci\u00f3 com per a la il\u00b7luminaci\u00f3 dels recorreguts. Vam triar unes mampares elegants amb perfileria blanca i vidres transparents per aconseguir el m\u00e0xim de llum a les zones de treball t\u00e8cnic.[\/et_pb_text][\/et_pb_column][\/et_pb_row][et_pb_row column_structure=&#8221;1_2,1_2&#8243; use_custom_gutter=&#8221;on&#8221; gutter_width=&#8221;2&#8243; _builder_version=&#8221;4.27.4&#8243; _module_preset=&#8221;default&#8221; width=&#8221;90%&#8221; custom_padding=&#8221;1em||1em||true|false&#8221; global_colors_info=&#8221;{}&#8221;][et_pb_column type=&#8221;1_2&#8243; _builder_version=&#8221;4.27.4&#8243; _module_preset=&#8221;default&#8221; global_colors_info=&#8221;{}&#8221;][et_pb_image src=&#8221;https:\/\/weloveworkspaces.com\/wp-content\/uploads\/oficina-difmaq-WeloveworkSpaces-5-LR.webp&#8221; alt=&#8221;Oficina envidrada reformada per WeLoveWorkSpaces, amb sala de reunions equipada, mobiliari ergon\u00f2mic i un disseny funcional que afavoreix la col\u00b7laboraci\u00f3 i l\u2019efici\u00e8ncia.&#8221; title_text=&#8221;oficina-difmaq-WeloveworkSpaces-5-LR&#8221; _builder_version=&#8221;4.27.4&#8243; _module_preset=&#8221;default&#8221; global_colors_info=&#8221;{}&#8221;][\/et_pb_image][\/et_pb_column][et_pb_column type=&#8221;1_2&#8243; _builder_version=&#8221;4.27.4&#8243; _module_preset=&#8221;default&#8221; global_colors_info=&#8221;{}&#8221;][et_pb_image src=&#8221;https:\/\/weloveworkspaces.com\/wp-content\/uploads\/oficina-difmaq-WeloveworkSpaces-7a-LR.webp&#8221; alt=&#8221;\u00c0rea de treball oberta dissenyada per WeLoveWorkSpaces, amb llocs operatius amplis, il\u00b7luminaci\u00f3 natural i separaci\u00f3 envidrada que connecta oficines i sala de reunions.&#8221; title_text=&#8221;oficina-difmaq-WeloveworkSpaces-7a-LR&#8221; _builder_version=&#8221;4.27.4&#8243; _module_preset=&#8221;default&#8221; global_colors_info=&#8221;{}&#8221;][\/et_pb_image][\/et_pb_column][\/et_pb_row][et_pb_row _builder_version=&#8221;4.27.4&#8243; _module_preset=&#8221;default&#8221; width=&#8221;90%&#8221; custom_padding=&#8221;1.5em||1.5em||true|false&#8221; global_colors_info=&#8221;{}&#8221;][et_pb_column type=&#8221;4_4&#8243; _builder_version=&#8221;4.27.4&#8243; _module_preset=&#8221;default&#8221; global_colors_info=&#8221;{}&#8221;][et_pb_image src=&#8221;https:\/\/weloveworkspaces.com\/wp-content\/uploads\/oficina-difmaq-WeloveworkSpaces-7-LR.webp&#8221; alt=&#8221;Sala de reunions envidrada dins d\u2019una nau industrial dissenyada per WeLoveWorkSpaces, amb il\u00b7luminaci\u00f3 LED i mobiliari contemporani que afavoreix la col\u00b7laboraci\u00f3 i la transpar\u00e8ncia.&#8221; title_text=&#8221;oficina-difmaq-WeloveworkSpaces-7-LR&#8221; _builder_version=&#8221;4.27.4&#8243; _module_preset=&#8221;default&#8221; global_colors_info=&#8221;{}&#8221;][\/et_pb_image][\/et_pb_column][\/et_pb_row][et_pb_row column_structure=&#8221;1_2,1_2&#8243; _builder_version=&#8221;4.27.4&#8243; _module_preset=&#8221;default&#8221; width=&#8221;90%&#8221; custom_padding=&#8221;1.5em||1.5em||true|false&#8221; global_colors_info=&#8221;{}&#8221;][et_pb_column type=&#8221;1_2&#8243; _builder_version=&#8221;4.27.4&#8243; _module_preset=&#8221;default&#8221; global_colors_info=&#8221;{}&#8221; custom_css_main_element_last_edited=&#8221;on|tablet&#8221; custom_css_main_element_tablet=&#8221;display:none;&#8221; custom_css_main_element_phone=&#8221;display:none;&#8221;][\/et_pb_column][et_pb_column type=&#8221;1_2&#8243; _builder_version=&#8221;4.27.4&#8243; _module_preset=&#8221;default&#8221; global_colors_info=&#8221;{}&#8221;][et_pb_text _builder_version=&#8221;4.27.4&#8243; _module_preset=&#8221;default&#8221; text_font=&#8221;|300|||||||&#8221; text_font_size=&#8221;20px&#8221; text_line_height=&#8221;1.5em&#8221; text_font_size_tablet=&#8221;20px&#8221; text_font_size_phone=&#8221;18px&#8221; text_font_size_last_edited=&#8221;on|tablet&#8221; custom_css_free_form=&#8221;selector ul{||  padding-left:2em !important;||  padding-top:0.5em !important;||}||selector li{||  margin-bottom:0.5em;||}||selector em{||  color:#1C875B;||  font-style:normal;||}||selector ::marker{||  color:#1C875B;||}&#8221; global_colors_info=&#8221;{}&#8221; max_width__hover_enabled=&#8221;off|desktop&#8221;]<\/p>\n<p><strong>Ubicaci\u00f3:<\/strong> Nau Industrial Difmaq, Santa Perp\u00e8tua de Mogoda (Catalunya)<br \/><strong>Any de construcci\u00f3:<\/strong> 2021<br \/><strong>Superf\u00edcie constru\u00efda:<\/strong> 1.690 m\u00b2<br \/>Disseny d\u2019interiors de les oficines de Difmaq.<br \/><strong>Enlla\u00e7:<\/strong> <a href=\"http:\/\/www.difmaq.com\" target=\"_blank\" rel=\"noopener\">http:\/\/www.difmaq.com<\/a><\/p>\n<p>[\/et_pb_text][\/et_pb_column][\/et_pb_row][et_pb_row column_structure=&#8221;1_2,1_2&#8243; use_custom_gutter=&#8221;on&#8221; gutter_width=&#8221;2&#8243; _builder_version=&#8221;4.27.4&#8243; _module_preset=&#8221;default&#8221; width=&#8221;90%&#8221; custom_padding=&#8221;1em||1em||true|false&#8221; global_colors_info=&#8221;{}&#8221;][et_pb_column type=&#8221;1_2&#8243; _builder_version=&#8221;4.27.4&#8243; _module_preset=&#8221;default&#8221; global_colors_info=&#8221;{}&#8221;][et_pb_image src=&#8221;https:\/\/weloveworkspaces.com\/wp-content\/uploads\/oficina-difmaq-WeloveworkSpaces-9-LR.webp&#8221; alt=&#8221;Nau industrial reformada per WeLoveWorkSpaces amb oficines envidrades, zones de treball obertes i estructura lluminosa que optimitza l\u2019espai i l\u2019efici\u00e8ncia operativa.&#8221; title_text=&#8221;oficina-difmaq-WeloveworkSpaces-9-LR&#8221; _builder_version=&#8221;4.27.4&#8243; _module_preset=&#8221;default&#8221; global_colors_info=&#8221;{}&#8221;][\/et_pb_image][\/et_pb_column][et_pb_column type=&#8221;1_2&#8243; _builder_version=&#8221;4.27.4&#8243; _module_preset=&#8221;default&#8221; global_colors_info=&#8221;{}&#8221;][et_pb_image src=&#8221;https:\/\/weloveworkspaces.com\/wp-content\/uploads\/oficina-difmaq-WeloveworkSpaces-9b-LR.webp&#8221; alt=&#8221;Nau industrial reformada per WeLoveWorkSpaces, amb estructura di\u00e0fana, oficines envidrades i distribuci\u00f3 funcional per optimitzar l\u2019espai de treball i la productivitat.&#8221; title_text=&#8221;oficina-difmaq-WeloveworkSpaces-9b-LR&#8221; _builder_version=&#8221;4.27.4&#8243; _module_preset=&#8221;default&#8221; global_colors_info=&#8221;{}&#8221;][\/et_pb_image][\/et_pb_column][\/et_pb_row][et_pb_row column_structure=&#8221;3_5,2_5&#8243; _builder_version=&#8221;4.27.4&#8243; _module_preset=&#8221;default&#8221; width=&#8221;90%&#8221; custom_padding=&#8221;1.5em||1.5em||true|false&#8221; global_colors_info=&#8221;{}&#8221;][et_pb_column type=&#8221;3_5&#8243; _builder_version=&#8221;4.27.4&#8243; _module_preset=&#8221;default&#8221; global_colors_info=&#8221;{}&#8221; custom_css_main_element_last_edited=&#8221;on|tablet&#8221; custom_css_main_element_tablet=&#8221;margin-bottom:0px;&#8221; custom_css_main_element_phone=&#8221;margin-bottom:0px;&#8221;][et_pb_image src=&#8221;https:\/\/weloveworkspaces.com\/wp-content\/uploads\/oficina-difmaq-WeloveworkSpaces-10-LR.webp&#8221; alt=&#8221;Oficines modulars envidrades a l\u2019interior d\u2019una nau industrial dissenyades per WeLoveWorkSpaces, amb il\u00b7luminaci\u00f3 LED i distribuci\u00f3 funcional per optimitzar l\u2019espai productiu.&#8221; title_text=&#8221;oficina-difmaq-WeloveworkSpaces-10-LR&#8221; _builder_version=&#8221;4.27.4&#8243; _module_preset=&#8221;default&#8221; global_colors_info=&#8221;{}&#8221;][\/et_pb_image][\/et_pb_column][et_pb_column type=&#8221;2_5&#8243; _builder_version=&#8221;4.27.4&#8243; _module_preset=&#8221;default&#8221; global_colors_info=&#8221;{}&#8221; custom_css_main_element_last_edited=&#8221;on|tablet&#8221; custom_css_main_element_tablet=&#8221;display:none;&#8221; custom_css_main_element_phone=&#8221;display:none;&#8221;][\/et_pb_column][\/et_pb_row][et_pb_row column_structure=&#8221;2_5,3_5&#8243; _builder_version=&#8221;4.27.4&#8243; _module_preset=&#8221;default&#8221; width=&#8221;90%&#8221; custom_padding=&#8221;1.5em||1.5em||true|false&#8221; global_colors_info=&#8221;{}&#8221;][et_pb_column type=&#8221;2_5&#8243; _builder_version=&#8221;4.27.4&#8243; _module_preset=&#8221;default&#8221; global_colors_info=&#8221;{}&#8221; custom_css_main_element_last_edited=&#8221;on|tablet&#8221; custom_css_main_element_tablet=&#8221;display:none;&#8221; custom_css_main_element_phone=&#8221;display:none;&#8221;][\/et_pb_column][et_pb_column type=&#8221;3_5&#8243; _builder_version=&#8221;4.27.4&#8243; _module_preset=&#8221;default&#8221; global_colors_info=&#8221;{}&#8221;][et_pb_image src=&#8221;https:\/\/weloveworkspaces.com\/wp-content\/uploads\/oficina-difmaq-WeloveworkSpaces-11-LR.webp&#8221; alt=&#8221;Espai industrial amb oficines envidrades dissenyat per WeLoveWorkSpaces, combinant funcionalitat, efici\u00e8ncia lum\u00ednica i disseny modular per a entorns productius.&#8221; title_text=&#8221;oficina-difmaq-WeloveworkSpaces-11-LR&#8221; _builder_version=&#8221;4.27.4&#8243; _module_preset=&#8221;default&#8221; global_colors_info=&#8221;{}&#8221;][\/et_pb_image][\/et_pb_column][\/et_pb_row][et_pb_row _builder_version=&#8221;4.27.4&#8243; _module_preset=&#8221;default&#8221; width=&#8221;90%&#8221; custom_padding=&#8221;1.5em||1.5em||true|false&#8221; global_colors_info=&#8221;{}&#8221;][et_pb_column type=&#8221;4_4&#8243; _builder_version=&#8221;4.27.4&#8243; _module_preset=&#8221;default&#8221; global_colors_info=&#8221;{}&#8221;][et_pb_code _builder_version=&#8221;4.27.4&#8243; _module_preset=&#8221;default&#8221; global_colors_info=&#8221;{}&#8221;]        \n        <div class=\"ultimo-proyecto-wrapper \">\n            <a href=\"https:\/\/weloveworkspaces.com\/ca\/proyectos\/iberspa\/\" class=\"ultimo-proyecto-link\">\n                \n                <!-- Contenedor de 2 columnas -->\n                <div class=\"proyecto-contenido-columnas\">\n                    <!-- Columna 1 -->\n                    <div class=\"proyecto-columna-1\">\n                        \t\t\t\t\t\t<span class=\"proyecto-nuevo\">Otro proyecto<\/span>\n                        <h3 class=\"proyecto-titulo\">IberSpa<\/h3>\n                                                <div class=\"proyecto-categorias\">\n                                                            <span class=\"proyecto-categoria\">Oficines<\/span>\n                                                    <\/div>\n                                            <\/div>\n                    \n                    <!-- Columna 2 -->\n                    <div class=\"proyecto-columna-2\">\n                                            <\/div>\n                <\/div>\n\t\t\t\t\n                <!-- Secci\u00f3n de imagen destacada 100% -->\n                                <div class=\"proyecto-imagen-destacada\">\n                    <img decoding=\"async\" src=\"https:\/\/weloveworkspaces.com\/wp-content\/uploads\/iberspa-bmc-ronda-maiols-1-sant-quirze-del-valles-1024x417.webp\" alt=\"IberSpa\" class=\"proyecto-imagen\">\n                <\/div>\n                \t\t\t\t\n            <\/a>\n        <\/div>\n        \n        [\/et_pb_code][\/et_pb_column][\/et_pb_row][\/et_pb_section]<\/p>\n","protected":false},"author":1,"featured_media":5342,"parent":0,"template":"","meta":{"_acf_changed":false,"_et_pb_use_builder":"on","_et_pb_old_content":"","_et_gb_content_width":"","inline_featured_image":false,"footnotes":""},"categoria-proyecto":[137,135],"class_list":["post-7468","proyecto","type-proyecto","status-publish","has-post-thumbnail","hentry","categoria-proyecto-industrial","categoria-proyecto-oficines"],"acf":[],"yoast_head":"<!-- This site is optimized with the Yoast SEO plugin v26.6 - https:\/\/yoast.com\/wordpress\/plugins\/seo\/ -->\n<title>Disseny d\u2019oficines per a Difmaq | WeLoveWorkSpaces<\/title>\n<meta name=\"description\" content=\"Projecte d\u2019interiorisme corporatiu per a Difmaq a Santa Perp\u00e8tua de Mogoda, oficines tipus OpenSpace amb llum natural i mobiliari ergon\u00f2mic.\" \/>\n<meta name=\"robots\" content=\"index, follow, max-snippet:-1, max-image-preview:large, max-video-preview:-1\" \/>\n<link rel=\"canonical\" href=\"https:\/\/weloveworkspaces.com\/ca\/proyectos\/difmaq\/\" \/>\n<meta property=\"og:locale\" content=\"ca_ES\" \/>\n<meta property=\"og:type\" content=\"article\" \/>\n<meta property=\"og:title\" content=\"Disseny d\u2019oficines per a Difmaq | WeLoveWorkSpaces\" \/>\n<meta property=\"og:description\" content=\"Projecte d\u2019interiorisme corporatiu per a Difmaq a Santa Perp\u00e8tua de Mogoda, oficines tipus OpenSpace amb llum natural i mobiliari ergon\u00f2mic.\" \/>\n<meta property=\"og:url\" content=\"https:\/\/weloveworkspaces.com\/ca\/proyectos\/difmaq\/\" \/>\n<meta property=\"og:site_name\" content=\"WeloveworkSpaces\" \/>\n<meta property=\"article:modified_time\" content=\"2025-10-22T10:37:15+00:00\" \/>\n<meta property=\"og:image\" content=\"https:\/\/weloveworkspaces.com\/wp-content\/uploads\/difmaq-nave-industrial-santa-perpetua-de-mogoda.webp\" \/>\n\t<meta property=\"og:image:width\" content=\"1770\" \/>\n\t<meta property=\"og:image:height\" content=\"720\" \/>\n\t<meta property=\"og:image:type\" content=\"image\/webp\" \/>\n<meta name=\"twitter:card\" content=\"summary_large_image\" \/>\n<meta name=\"twitter:label1\" content=\"Temps estimat de lectura\" \/>\n\t<meta name=\"twitter:data1\" content=\"10 minuts\" \/>\n<script type=\"application\/ld+json\" class=\"yoast-schema-graph\">{\"@context\":\"https:\/\/schema.org\",\"@graph\":[{\"@type\":\"WebPage\",\"@id\":\"https:\/\/weloveworkspaces.com\/ca\/proyectos\/difmaq\/\",\"url\":\"https:\/\/weloveworkspaces.com\/ca\/proyectos\/difmaq\/\",\"name\":\"Disseny d\u2019oficines per a Difmaq | WeLoveWorkSpaces\",\"isPartOf\":{\"@id\":\"https:\/\/weloveworkspaces.com\/#website\"},\"primaryImageOfPage\":{\"@id\":\"https:\/\/weloveworkspaces.com\/ca\/proyectos\/difmaq\/#primaryimage\"},\"image\":{\"@id\":\"https:\/\/weloveworkspaces.com\/ca\/proyectos\/difmaq\/#primaryimage\"},\"thumbnailUrl\":\"https:\/\/weloveworkspaces.com\/wp-content\/uploads\/difmaq-nave-industrial-santa-perpetua-de-mogoda.webp\",\"datePublished\":\"2025-10-08T08:55:57+00:00\",\"dateModified\":\"2025-10-22T10:37:15+00:00\",\"description\":\"Projecte d\u2019interiorisme corporatiu per a Difmaq a Santa Perp\u00e8tua de Mogoda, oficines tipus OpenSpace amb llum natural i mobiliari ergon\u00f2mic.\",\"breadcrumb\":{\"@id\":\"https:\/\/weloveworkspaces.com\/ca\/proyectos\/difmaq\/#breadcrumb\"},\"inLanguage\":\"ca\",\"potentialAction\":[{\"@type\":\"ReadAction\",\"target\":[\"https:\/\/weloveworkspaces.com\/ca\/proyectos\/difmaq\/\"]}]},{\"@type\":\"ImageObject\",\"inLanguage\":\"ca\",\"@id\":\"https:\/\/weloveworkspaces.com\/ca\/proyectos\/difmaq\/#primaryimage\",\"url\":\"https:\/\/weloveworkspaces.com\/wp-content\/uploads\/difmaq-nave-industrial-santa-perpetua-de-mogoda.webp\",\"contentUrl\":\"https:\/\/weloveworkspaces.com\/wp-content\/uploads\/difmaq-nave-industrial-santa-perpetua-de-mogoda.webp\",\"width\":1770,\"height\":720,\"caption\":\"Nave industrial de Difmaq en Santa Perp\u00e8tua de Mogoda con fachada met\u00e1lica y entorno industrial\"},{\"@type\":\"BreadcrumbList\",\"@id\":\"https:\/\/weloveworkspaces.com\/ca\/proyectos\/difmaq\/#breadcrumb\",\"itemListElement\":[{\"@type\":\"ListItem\",\"position\":1,\"name\":\"Portada\",\"item\":\"https:\/\/weloveworkspaces.com\/ca\/\"},{\"@type\":\"ListItem\",\"position\":2,\"name\":\"Difmaq\"}]},{\"@type\":\"WebSite\",\"@id\":\"https:\/\/weloveworkspaces.com\/#website\",\"url\":\"https:\/\/weloveworkspaces.com\/\",\"name\":\"WeloveworkSpaces\",\"description\":\"\",\"potentialAction\":[{\"@type\":\"SearchAction\",\"target\":{\"@type\":\"EntryPoint\",\"urlTemplate\":\"https:\/\/weloveworkspaces.com\/?s={search_term_string}\"},\"query-input\":{\"@type\":\"PropertyValueSpecification\",\"valueRequired\":true,\"valueName\":\"search_term_string\"}}],\"inLanguage\":\"ca\"}]}<\/script>\n<!-- \/ Yoast SEO plugin. -->","yoast_head_json":{"title":"Disseny d\u2019oficines per a Difmaq | WeLoveWorkSpaces","description":"Projecte d\u2019interiorisme corporatiu per a Difmaq a Santa Perp\u00e8tua de Mogoda, oficines tipus OpenSpace amb llum natural i mobiliari ergon\u00f2mic.","robots":{"index":"index","follow":"follow","max-snippet":"max-snippet:-1","max-image-preview":"max-image-preview:large","max-video-preview":"max-video-preview:-1"},"canonical":"https:\/\/weloveworkspaces.com\/ca\/proyectos\/difmaq\/","og_locale":"ca_ES","og_type":"article","og_title":"Disseny d\u2019oficines per a Difmaq | WeLoveWorkSpaces","og_description":"Projecte d\u2019interiorisme corporatiu per a Difmaq a Santa Perp\u00e8tua de Mogoda, oficines tipus OpenSpace amb llum natural i mobiliari ergon\u00f2mic.","og_url":"https:\/\/weloveworkspaces.com\/ca\/proyectos\/difmaq\/","og_site_name":"WeloveworkSpaces","article_modified_time":"2025-10-22T10:37:15+00:00","og_image":[{"width":1770,"height":720,"url":"https:\/\/weloveworkspaces.com\/wp-content\/uploads\/difmaq-nave-industrial-santa-perpetua-de-mogoda.webp","type":"image\/webp"}],"twitter_card":"summary_large_image","twitter_misc":{"Temps estimat de lectura":"10 minuts"},"schema":{"@context":"https:\/\/schema.org","@graph":[{"@type":"WebPage","@id":"https:\/\/weloveworkspaces.com\/ca\/proyectos\/difmaq\/","url":"https:\/\/weloveworkspaces.com\/ca\/proyectos\/difmaq\/","name":"Disseny d\u2019oficines per a Difmaq | WeLoveWorkSpaces","isPartOf":{"@id":"https:\/\/weloveworkspaces.com\/#website"},"primaryImageOfPage":{"@id":"https:\/\/weloveworkspaces.com\/ca\/proyectos\/difmaq\/#primaryimage"},"image":{"@id":"https:\/\/weloveworkspaces.com\/ca\/proyectos\/difmaq\/#primaryimage"},"thumbnailUrl":"https:\/\/weloveworkspaces.com\/wp-content\/uploads\/difmaq-nave-industrial-santa-perpetua-de-mogoda.webp","datePublished":"2025-10-08T08:55:57+00:00","dateModified":"2025-10-22T10:37:15+00:00","description":"Projecte d\u2019interiorisme corporatiu per a Difmaq a Santa Perp\u00e8tua de Mogoda, oficines tipus OpenSpace amb llum natural i mobiliari ergon\u00f2mic.","breadcrumb":{"@id":"https:\/\/weloveworkspaces.com\/ca\/proyectos\/difmaq\/#breadcrumb"},"inLanguage":"ca","potentialAction":[{"@type":"ReadAction","target":["https:\/\/weloveworkspaces.com\/ca\/proyectos\/difmaq\/"]}]},{"@type":"ImageObject","inLanguage":"ca","@id":"https:\/\/weloveworkspaces.com\/ca\/proyectos\/difmaq\/#primaryimage","url":"https:\/\/weloveworkspaces.com\/wp-content\/uploads\/difmaq-nave-industrial-santa-perpetua-de-mogoda.webp","contentUrl":"https:\/\/weloveworkspaces.com\/wp-content\/uploads\/difmaq-nave-industrial-santa-perpetua-de-mogoda.webp","width":1770,"height":720,"caption":"Nave industrial de Difmaq en Santa Perp\u00e8tua de Mogoda con fachada met\u00e1lica y entorno industrial"},{"@type":"BreadcrumbList","@id":"https:\/\/weloveworkspaces.com\/ca\/proyectos\/difmaq\/#breadcrumb","itemListElement":[{"@type":"ListItem","position":1,"name":"Portada","item":"https:\/\/weloveworkspaces.com\/ca\/"},{"@type":"ListItem","position":2,"name":"Difmaq"}]},{"@type":"WebSite","@id":"https:\/\/weloveworkspaces.com\/#website","url":"https:\/\/weloveworkspaces.com\/","name":"WeloveworkSpaces","description":"","potentialAction":[{"@type":"SearchAction","target":{"@type":"EntryPoint","urlTemplate":"https:\/\/weloveworkspaces.com\/?s={search_term_string}"},"query-input":{"@type":"PropertyValueSpecification","valueRequired":true,"valueName":"search_term_string"}}],"inLanguage":"ca"}]}},"_links":{"self":[{"href":"https:\/\/weloveworkspaces.com\/ca\/wp-json\/wp\/v2\/proyecto\/7468","targetHints":{"allow":["GET"]}}],"collection":[{"href":"https:\/\/weloveworkspaces.com\/ca\/wp-json\/wp\/v2\/proyecto"}],"about":[{"href":"https:\/\/weloveworkspaces.com\/ca\/wp-json\/wp\/v2\/types\/proyecto"}],"author":[{"embeddable":true,"href":"https:\/\/weloveworkspaces.com\/ca\/wp-json\/wp\/v2\/users\/1"}],"version-history":[{"count":2,"href":"https:\/\/weloveworkspaces.com\/ca\/wp-json\/wp\/v2\/proyecto\/7468\/revisions"}],"predecessor-version":[{"id":7470,"href":"https:\/\/weloveworkspaces.com\/ca\/wp-json\/wp\/v2\/proyecto\/7468\/revisions\/7470"}],"wp:featuredmedia":[{"embeddable":true,"href":"https:\/\/weloveworkspaces.com\/ca\/wp-json\/wp\/v2\/media\/5342"}],"wp:attachment":[{"href":"https:\/\/weloveworkspaces.com\/ca\/wp-json\/wp\/v2\/media?parent=7468"}],"wp:term":[{"taxonomy":"categoria-proyecto","embeddable":true,"href":"https:\/\/weloveworkspaces.com\/ca\/wp-json\/wp\/v2\/categoria-proyecto?post=7468"}],"curies":[{"name":"wp","href":"https:\/\/api.w.org\/{rel}","templated":true}]}}