{"id":7573,"date":"2025-10-08T10:56:48","date_gmt":"2025-10-08T08:56:48","guid":{"rendered":"https:\/\/weloveworkspaces.com\/proyectos\/vens-a-saltar\/"},"modified":"2025-10-22T14:26:16","modified_gmt":"2025-10-22T12:26:16","slug":"vens-a-saltar","status":"publish","type":"proyecto","link":"https:\/\/weloveworkspaces.com\/ca\/proyectos\/vens-a-saltar\/","title":{"rendered":"V\u00e9ns a Saltar?"},"content":{"rendered":"<p>[et_pb_section fb_built=&#8221;1&#8243; _builder_version=&#8221;4.27.4&#8243; _module_preset=&#8221;default&#8221; custom_padding=&#8221;0px||0px||true|false&#8221; global_colors_info=&#8221;{}&#8221;][et_pb_row _builder_version=&#8221;4.27.4&#8243; _module_preset=&#8221;default&#8221; width=&#8221;90%&#8221; custom_padding=&#8221;1.5em||1.5em||true|false&#8221; global_colors_info=&#8221;{}&#8221;][et_pb_column type=&#8221;4_4&#8243; _builder_version=&#8221;4.27.4&#8243; _module_preset=&#8221;default&#8221; global_colors_info=&#8221;{}&#8221; custom_css_main_element_last_edited=&#8221;on|phone&#8221; custom_css_main_element_tablet=&#8221;margin-bottom:1.5em;&#8221; custom_css_main_element_phone=&#8221;margin-bottom:1em;&#8221;][et_pb_heading title=&#8221;@ET-DC@eyJkeW5hbWljIjp0cnVlLCJjb250ZW50IjoicG9zdF90aXRsZSIsInNldHRpbmdzIjp7ImJlZm9yZSI6IiIsImFmdGVyIjoiIn19@&#8221; _builder_version=&#8221;4.27.4&#8243; _dynamic_attributes=&#8221;title&#8221; _module_preset=&#8221;default&#8221; title_font=&#8221;|700|||||||&#8221; title_font_size=&#8221;40px&#8221; title_line_height=&#8221;1.2em&#8221; custom_margin=&#8221;||0.5em||false|false&#8221; hover_enabled=&#8221;0&#8243; title_font_size_tablet=&#8221;35px&#8221; title_font_size_phone=&#8221;30px&#8221; title_font_size_last_edited=&#8221;on|phone&#8221; custom_css_free_form=&#8221;selector h1{||  padding-bottom:0em;||}&#8221; global_colors_info=&#8221;{}&#8221; title_text_color=&#8221;#26a86f&#8221; sticky_enabled=&#8221;0&#8243;][\/et_pb_heading][et_pb_code _builder_version=&#8221;4.27.4&#8243; _module_preset=&#8221;default&#8221; global_colors_info=&#8221;{}&#8221;]<span class=\"etiqueta-categoria-proyecto\">Retail<\/span>[\/et_pb_code][et_pb_text _builder_version=&#8221;4.27.4&#8243; _module_preset=&#8221;default&#8221; text_font=&#8221;|300|||||||&#8221; hover_enabled=&#8221;0&#8243; global_colors_info=&#8221;{}&#8221; text_font_size=&#8221;18px&#8221; sticky_enabled=&#8221;0&#8243;]<\/p>\n<p>Disseny d\u2019interiors i projecte d\u2019Activitats de l\u2019espai d\u2019oci de l\u2019empresa \u00abVienes a saltar\u00bb a Sant Cugat.<\/p>\n<p>[\/et_pb_text][\/et_pb_column][\/et_pb_row][et_pb_row _builder_version=&#8221;4.27.4&#8243; _module_preset=&#8221;default&#8221; width=&#8221;90%&#8221; custom_padding=&#8221;1.5em||1.5em||true|false&#8221; global_colors_info=&#8221;{}&#8221;][et_pb_column type=&#8221;4_4&#8243; _builder_version=&#8221;4.27.4&#8243; _module_preset=&#8221;default&#8221; global_colors_info=&#8221;{}&#8221;][et_pb_image src=&#8221;@ET-DC@eyJkeW5hbWljIjp0cnVlLCJjb250ZW50IjoicG9zdF9mZWF0dXJlZF9pbWFnZSIsInNldHRpbmdzIjp7fX0=@&#8221; title_text=&#8221;weloveworkspaces-w-team-equipo&#8221; _builder_version=&#8221;4.27.4&#8243; _dynamic_attributes=&#8221;src&#8221; _module_preset=&#8221;default&#8221; global_colors_info=&#8221;{}&#8221;][\/et_pb_image][\/et_pb_column][\/et_pb_row][et_pb_row column_structure=&#8221;1_2,1_2&#8243; _builder_version=&#8221;4.27.4&#8243; _module_preset=&#8221;default&#8221; width=&#8221;90%&#8221; custom_padding=&#8221;1.5em||1.5em||true|false&#8221; global_colors_info=&#8221;{}&#8221;][et_pb_column type=&#8221;1_2&#8243; _builder_version=&#8221;4.27.4&#8243; _module_preset=&#8221;default&#8221; custom_padding=&#8221;||||false|false&#8221; global_colors_info=&#8221;{}&#8221; custom_css_main_element_last_edited=&#8221;on|phone&#8221; custom_css_main_element_tablet=&#8221;margin-bottom:1.5em;&#8221; custom_css_main_element_phone=&#8221;margin-bottom:1em;&#8221;][\/et_pb_column][et_pb_column type=&#8221;1_2&#8243; _builder_version=&#8221;4.27.4&#8243; _module_preset=&#8221;default&#8221; global_colors_info=&#8221;{}&#8221;][et_pb_text _builder_version=&#8221;4.27.4&#8243; _module_preset=&#8221;default&#8221; text_font=&#8221;|300|||||||&#8221; text_font_size=&#8221;20px&#8221; text_line_height=&#8221;1.5em&#8221; text_font_size_tablet=&#8221;20px&#8221; text_font_size_phone=&#8221;18px&#8221; text_font_size_last_edited=&#8221;on|tablet&#8221; custom_css_free_form=&#8221;selector ul{||  padding-left:2em !important;||  padding-top:0.5em !important;||}||selector li{||  margin-bottom:0.5em;||}||selector em{||  color:#1C875B;||  font-style:normal;||}||selector ::marker{||  color:#1C875B;||}&#8221; global_colors_info=&#8221;{}&#8221;]<\/p>\n<p><strong>Ubicaci\u00f3:<\/strong> Sant Cugat del Vall\u00e8s (Barcelona, Catalunya)<br \/><strong>Any de construcci\u00f3:<\/strong> 2013<br \/><strong>Superf\u00edcie constru\u00efda:<\/strong> 500 m\u00b2<br \/><strong>Enlla\u00e7:<\/strong> <a href=\"https:\/\/www.vensasaltar.cat\/\" target=\"_blank\" rel=\"noopener\">www.vensasaltar.cat<\/a><\/p>\n<p>[\/et_pb_text][\/et_pb_column][\/et_pb_row][et_pb_row column_structure=&#8221;1_2,1_2&#8243; use_custom_gutter=&#8221;on&#8221; gutter_width=&#8221;2&#8243; _builder_version=&#8221;4.27.4&#8243; _module_preset=&#8221;default&#8221; width=&#8221;90%&#8221; custom_padding=&#8221;1em||1em||true|false&#8221; global_colors_info=&#8221;{}&#8221;][et_pb_column type=&#8221;1_2&#8243; _builder_version=&#8221;4.27.4&#8243; _module_preset=&#8221;default&#8221; global_colors_info=&#8221;{}&#8221;][et_pb_image src=&#8221;https:\/\/weloveworkspaces.com\/wp-content\/uploads\/vens-a-saltar-sant-cugat-del-valles-2.webp&#8221; title_text=&#8221;vens-a-saltar-sant-cugat-del-valles-2&#8243; _builder_version=&#8221;4.27.4&#8243; _module_preset=&#8221;default&#8221; global_colors_info=&#8221;{}&#8221;][\/et_pb_image][\/et_pb_column][et_pb_column type=&#8221;1_2&#8243; _builder_version=&#8221;4.27.4&#8243; _module_preset=&#8221;default&#8221; global_colors_info=&#8221;{}&#8221;][et_pb_image src=&#8221;https:\/\/weloveworkspaces.com\/wp-content\/uploads\/vens-a-saltar-sant-cugat-del-valles-3.webp&#8221; title_text=&#8221;vens-a-saltar-sant-cugat-del-valles-3&#8243; _builder_version=&#8221;4.27.4&#8243; _module_preset=&#8221;default&#8221; global_colors_info=&#8221;{}&#8221;][\/et_pb_image][\/et_pb_column][\/et_pb_row][et_pb_row column_structure=&#8221;1_2,1_2&#8243; use_custom_gutter=&#8221;on&#8221; gutter_width=&#8221;2&#8243; _builder_version=&#8221;4.27.4&#8243; _module_preset=&#8221;default&#8221; width=&#8221;90%&#8221; custom_padding=&#8221;1em||1em||true|false&#8221; global_colors_info=&#8221;{}&#8221;][et_pb_column type=&#8221;1_2&#8243; _builder_version=&#8221;4.27.4&#8243; _module_preset=&#8221;default&#8221; global_colors_info=&#8221;{}&#8221;][et_pb_image src=&#8221;https:\/\/weloveworkspaces.com\/wp-content\/uploads\/vens-a-saltar-sant-cugat-del-valles-4.webp&#8221; title_text=&#8221;vens-a-saltar-sant-cugat-del-valles-4&#8243; _builder_version=&#8221;4.27.4&#8243; _module_preset=&#8221;default&#8221; global_colors_info=&#8221;{}&#8221;][\/et_pb_image][\/et_pb_column][et_pb_column type=&#8221;1_2&#8243; _builder_version=&#8221;4.27.4&#8243; _module_preset=&#8221;default&#8221; global_colors_info=&#8221;{}&#8221;][et_pb_image src=&#8221;https:\/\/weloveworkspaces.com\/wp-content\/uploads\/vens-a-saltar-sant-cugat-del-valles-5.webp&#8221; title_text=&#8221;vens-a-saltar-sant-cugat-del-valles-5&#8243; _builder_version=&#8221;4.27.4&#8243; _module_preset=&#8221;default&#8221; global_colors_info=&#8221;{}&#8221;][\/et_pb_image][\/et_pb_column][\/et_pb_row][et_pb_row _builder_version=&#8221;4.27.4&#8243; _module_preset=&#8221;default&#8221; width=&#8221;90%&#8221; custom_padding=&#8221;1.5em||1.5em||true|false&#8221; global_colors_info=&#8221;{}&#8221;][et_pb_column type=&#8221;4_4&#8243; _builder_version=&#8221;4.27.4&#8243; _module_preset=&#8221;default&#8221; global_colors_info=&#8221;{}&#8221;][et_pb_code _builder_version=&#8221;4.27.4&#8243; _module_preset=&#8221;default&#8221; global_colors_info=&#8221;{}&#8221;]        \n        <div class=\"ultimo-proyecto-wrapper \">\n            <a href=\"https:\/\/weloveworkspaces.com\/ca\/proyectos\/freixenet\/\" class=\"ultimo-proyecto-link\">\n                \n                <!-- Contenedor de 2 columnas -->\n                <div class=\"proyecto-contenido-columnas\">\n                    <!-- Columna 1 -->\n                    <div class=\"proyecto-columna-1\">\n                        \t\t\t\t\t\t<span class=\"proyecto-nuevo\">Otro proyecto<\/span>\n                        <h3 class=\"proyecto-titulo\">Freixenet<\/h3>\n                                                <div class=\"proyecto-categorias\">\n                                                            <span class=\"proyecto-categoria\">Retail<\/span>\n                                                    <\/div>\n                                            <\/div>\n                    \n                    <!-- Columna 2 -->\n                    <div class=\"proyecto-columna-2\">\n                                            <\/div>\n                <\/div>\n\t\t\t\t\n                <!-- Secci\u00f3n de imagen destacada 100% -->\n                                <div class=\"proyecto-imagen-destacada\">\n                    <img decoding=\"async\" src=\"https:\/\/weloveworkspaces.com\/wp-content\/uploads\/cavas-freixenet-sant-sadurni-d-anoia-1024x417.webp\" alt=\"Freixenet\" class=\"proyecto-imagen\">\n                <\/div>\n                \t\t\t\t\n            <\/a>\n        <\/div>\n        \n        [\/et_pb_code][\/et_pb_column][\/et_pb_row][\/et_pb_section]<\/p>\n","protected":false},"author":1,"featured_media":5312,"parent":0,"template":"","meta":{"_acf_changed":false,"_et_pb_use_builder":"on","_et_pb_old_content":"","_et_gb_content_width":"","inline_featured_image":false,"footnotes":""},"categoria-proyecto":[138],"class_list":["post-7573","proyecto","type-proyecto","status-publish","has-post-thumbnail","hentry","categoria-proyecto-retail"],"acf":[],"yoast_head":"<!-- This site is optimized with the Yoast SEO plugin v26.6 - https:\/\/yoast.com\/wordpress\/plugins\/seo\/ -->\n<title>Disseny d&#039;interiors V\u00e9ns a Saltar? | WeLoveWorkSpaces<\/title>\n<meta name=\"description\" content=\"Parc amb llits el\u00e0stics i foam pit: espais segurs, divertits i funcionals, amb \u00e0rees d&#039;aniversaris i circulaci\u00f3 eficient.\" \/>\n<meta name=\"robots\" content=\"index, follow, max-snippet:-1, max-image-preview:large, max-video-preview:-1\" \/>\n<link rel=\"canonical\" href=\"https:\/\/weloveworkspaces.com\/proyectos\/vens-a-saltar\/\" \/>\n<meta property=\"og:locale\" content=\"ca_ES\" \/>\n<meta property=\"og:type\" content=\"article\" \/>\n<meta property=\"og:title\" content=\"Disseny d&#039;interiors V\u00e9ns a Saltar? | WeLoveWorkSpaces\" \/>\n<meta property=\"og:description\" content=\"Parc amb llits el\u00e0stics i foam pit: espais segurs, divertits i funcionals, amb \u00e0rees d&#039;aniversaris i circulaci\u00f3 eficient.\" \/>\n<meta property=\"og:url\" content=\"https:\/\/weloveworkspaces.com\/proyectos\/vens-a-saltar\/\" \/>\n<meta property=\"og:site_name\" content=\"WeloveworkSpaces\" \/>\n<meta property=\"article:modified_time\" content=\"2025-10-22T12:26:16+00:00\" \/>\n<meta property=\"og:image\" content=\"https:\/\/weloveworkspaces.com\/wp-content\/uploads\/vens-a-saltar-sant-cugat-del-valles.webp\" \/>\n\t<meta property=\"og:image:width\" content=\"1770\" \/>\n\t<meta property=\"og:image:height\" content=\"720\" \/>\n\t<meta property=\"og:image:type\" content=\"image\/webp\" \/>\n<meta name=\"twitter:card\" content=\"summary_large_image\" \/>\n<meta name=\"twitter:label1\" content=\"Temps estimat de lectura\" \/>\n\t<meta name=\"twitter:data1\" content=\"4 minuts\" \/>\n<script type=\"application\/ld+json\" class=\"yoast-schema-graph\">{\"@context\":\"https:\/\/schema.org\",\"@graph\":[{\"@type\":\"WebPage\",\"@id\":\"https:\/\/weloveworkspaces.com\/proyectos\/vens-a-saltar\/\",\"url\":\"https:\/\/weloveworkspaces.com\/proyectos\/vens-a-saltar\/\",\"name\":\"Disseny d'interiors V\u00e9ns a Saltar? | WeLoveWorkSpaces\",\"isPartOf\":{\"@id\":\"https:\/\/weloveworkspaces.com\/#website\"},\"primaryImageOfPage\":{\"@id\":\"https:\/\/weloveworkspaces.com\/proyectos\/vens-a-saltar\/#primaryimage\"},\"image\":{\"@id\":\"https:\/\/weloveworkspaces.com\/proyectos\/vens-a-saltar\/#primaryimage\"},\"thumbnailUrl\":\"https:\/\/weloveworkspaces.com\/wp-content\/uploads\/vens-a-saltar-sant-cugat-del-valles.webp\",\"datePublished\":\"2025-10-08T08:56:48+00:00\",\"dateModified\":\"2025-10-22T12:26:16+00:00\",\"description\":\"Parc amb llits el\u00e0stics i foam pit: espais segurs, divertits i funcionals, amb \u00e0rees d'aniversaris i circulaci\u00f3 eficient.\",\"breadcrumb\":{\"@id\":\"https:\/\/weloveworkspaces.com\/proyectos\/vens-a-saltar\/#breadcrumb\"},\"inLanguage\":\"ca\",\"potentialAction\":[{\"@type\":\"ReadAction\",\"target\":[\"https:\/\/weloveworkspaces.com\/proyectos\/vens-a-saltar\/\"]}]},{\"@type\":\"ImageObject\",\"inLanguage\":\"ca\",\"@id\":\"https:\/\/weloveworkspaces.com\/proyectos\/vens-a-saltar\/#primaryimage\",\"url\":\"https:\/\/weloveworkspaces.com\/wp-content\/uploads\/vens-a-saltar-sant-cugat-del-valles.webp\",\"contentUrl\":\"https:\/\/weloveworkspaces.com\/wp-content\/uploads\/vens-a-saltar-sant-cugat-del-valles.webp\",\"width\":1770,\"height\":720,\"caption\":\"V\u00e9ns a Saltar en Sant Cugat del Vall\u00e8s\"},{\"@type\":\"BreadcrumbList\",\"@id\":\"https:\/\/weloveworkspaces.com\/proyectos\/vens-a-saltar\/#breadcrumb\",\"itemListElement\":[{\"@type\":\"ListItem\",\"position\":1,\"name\":\"Portada\",\"item\":\"https:\/\/weloveworkspaces.com\/ca\/\"},{\"@type\":\"ListItem\",\"position\":2,\"name\":\"V\u00e9ns a Saltar?\"}]},{\"@type\":\"WebSite\",\"@id\":\"https:\/\/weloveworkspaces.com\/#website\",\"url\":\"https:\/\/weloveworkspaces.com\/\",\"name\":\"WeloveworkSpaces\",\"description\":\"\",\"potentialAction\":[{\"@type\":\"SearchAction\",\"target\":{\"@type\":\"EntryPoint\",\"urlTemplate\":\"https:\/\/weloveworkspaces.com\/?s={search_term_string}\"},\"query-input\":{\"@type\":\"PropertyValueSpecification\",\"valueRequired\":true,\"valueName\":\"search_term_string\"}}],\"inLanguage\":\"ca\"}]}<\/script>\n<!-- \/ Yoast SEO plugin. -->","yoast_head_json":{"title":"Disseny d'interiors V\u00e9ns a Saltar? | WeLoveWorkSpaces","description":"Parc amb llits el\u00e0stics i foam pit: espais segurs, divertits i funcionals, amb \u00e0rees d'aniversaris i circulaci\u00f3 eficient.","robots":{"index":"index","follow":"follow","max-snippet":"max-snippet:-1","max-image-preview":"max-image-preview:large","max-video-preview":"max-video-preview:-1"},"canonical":"https:\/\/weloveworkspaces.com\/proyectos\/vens-a-saltar\/","og_locale":"ca_ES","og_type":"article","og_title":"Disseny d'interiors V\u00e9ns a Saltar? | WeLoveWorkSpaces","og_description":"Parc amb llits el\u00e0stics i foam pit: espais segurs, divertits i funcionals, amb \u00e0rees d'aniversaris i circulaci\u00f3 eficient.","og_url":"https:\/\/weloveworkspaces.com\/proyectos\/vens-a-saltar\/","og_site_name":"WeloveworkSpaces","article_modified_time":"2025-10-22T12:26:16+00:00","og_image":[{"width":1770,"height":720,"url":"https:\/\/weloveworkspaces.com\/wp-content\/uploads\/vens-a-saltar-sant-cugat-del-valles.webp","type":"image\/webp"}],"twitter_card":"summary_large_image","twitter_misc":{"Temps estimat de lectura":"4 minuts"},"schema":{"@context":"https:\/\/schema.org","@graph":[{"@type":"WebPage","@id":"https:\/\/weloveworkspaces.com\/proyectos\/vens-a-saltar\/","url":"https:\/\/weloveworkspaces.com\/proyectos\/vens-a-saltar\/","name":"Disseny d'interiors V\u00e9ns a Saltar? | WeLoveWorkSpaces","isPartOf":{"@id":"https:\/\/weloveworkspaces.com\/#website"},"primaryImageOfPage":{"@id":"https:\/\/weloveworkspaces.com\/proyectos\/vens-a-saltar\/#primaryimage"},"image":{"@id":"https:\/\/weloveworkspaces.com\/proyectos\/vens-a-saltar\/#primaryimage"},"thumbnailUrl":"https:\/\/weloveworkspaces.com\/wp-content\/uploads\/vens-a-saltar-sant-cugat-del-valles.webp","datePublished":"2025-10-08T08:56:48+00:00","dateModified":"2025-10-22T12:26:16+00:00","description":"Parc amb llits el\u00e0stics i foam pit: espais segurs, divertits i funcionals, amb \u00e0rees d'aniversaris i circulaci\u00f3 eficient.","breadcrumb":{"@id":"https:\/\/weloveworkspaces.com\/proyectos\/vens-a-saltar\/#breadcrumb"},"inLanguage":"ca","potentialAction":[{"@type":"ReadAction","target":["https:\/\/weloveworkspaces.com\/proyectos\/vens-a-saltar\/"]}]},{"@type":"ImageObject","inLanguage":"ca","@id":"https:\/\/weloveworkspaces.com\/proyectos\/vens-a-saltar\/#primaryimage","url":"https:\/\/weloveworkspaces.com\/wp-content\/uploads\/vens-a-saltar-sant-cugat-del-valles.webp","contentUrl":"https:\/\/weloveworkspaces.com\/wp-content\/uploads\/vens-a-saltar-sant-cugat-del-valles.webp","width":1770,"height":720,"caption":"V\u00e9ns a Saltar en Sant Cugat del Vall\u00e8s"},{"@type":"BreadcrumbList","@id":"https:\/\/weloveworkspaces.com\/proyectos\/vens-a-saltar\/#breadcrumb","itemListElement":[{"@type":"ListItem","position":1,"name":"Portada","item":"https:\/\/weloveworkspaces.com\/ca\/"},{"@type":"ListItem","position":2,"name":"V\u00e9ns a Saltar?"}]},{"@type":"WebSite","@id":"https:\/\/weloveworkspaces.com\/#website","url":"https:\/\/weloveworkspaces.com\/","name":"WeloveworkSpaces","description":"","potentialAction":[{"@type":"SearchAction","target":{"@type":"EntryPoint","urlTemplate":"https:\/\/weloveworkspaces.com\/?s={search_term_string}"},"query-input":{"@type":"PropertyValueSpecification","valueRequired":true,"valueName":"search_term_string"}}],"inLanguage":"ca"}]}},"_links":{"self":[{"href":"https:\/\/weloveworkspaces.com\/ca\/wp-json\/wp\/v2\/proyecto\/7573","targetHints":{"allow":["GET"]}}],"collection":[{"href":"https:\/\/weloveworkspaces.com\/ca\/wp-json\/wp\/v2\/proyecto"}],"about":[{"href":"https:\/\/weloveworkspaces.com\/ca\/wp-json\/wp\/v2\/types\/proyecto"}],"author":[{"embeddable":true,"href":"https:\/\/weloveworkspaces.com\/ca\/wp-json\/wp\/v2\/users\/1"}],"version-history":[{"count":2,"href":"https:\/\/weloveworkspaces.com\/ca\/wp-json\/wp\/v2\/proyecto\/7573\/revisions"}],"predecessor-version":[{"id":7575,"href":"https:\/\/weloveworkspaces.com\/ca\/wp-json\/wp\/v2\/proyecto\/7573\/revisions\/7575"}],"wp:featuredmedia":[{"embeddable":true,"href":"https:\/\/weloveworkspaces.com\/ca\/wp-json\/wp\/v2\/media\/5312"}],"wp:attachment":[{"href":"https:\/\/weloveworkspaces.com\/ca\/wp-json\/wp\/v2\/media?parent=7573"}],"wp:term":[{"taxonomy":"categoria-proyecto","embeddable":true,"href":"https:\/\/weloveworkspaces.com\/ca\/wp-json\/wp\/v2\/categoria-proyecto?post=7573"}],"curies":[{"name":"wp","href":"https:\/\/api.w.org\/{rel}","templated":true}]}}