{"id":7576,"date":"2025-10-15T13:06:47","date_gmt":"2025-10-15T11:06:47","guid":{"rendered":"https:\/\/weloveworkspaces.com\/proyectos\/uriach\/"},"modified":"2025-11-10T14:19:45","modified_gmt":"2025-11-10T13:19:45","slug":"uriach","status":"publish","type":"proyecto","link":"https:\/\/weloveworkspaces.com\/ca\/proyectos\/uriach\/","title":{"rendered":"Uriach"},"content":{"rendered":"<p>[et_pb_section fb_built=&#8221;1&#8243; _builder_version=&#8221;4.27.4&#8243; _module_preset=&#8221;default&#8221; custom_padding=&#8221;0px||0px||true|false&#8221; global_colors_info=&#8221;{}&#8221;][et_pb_row _builder_version=&#8221;4.27.4&#8243; _module_preset=&#8221;default&#8221; width=&#8221;90%&#8221; custom_padding=&#8221;1.5em||1.5em||true|false&#8221; global_colors_info=&#8221;{}&#8221;][et_pb_column type=&#8221;4_4&#8243; _builder_version=&#8221;4.27.4&#8243; _module_preset=&#8221;default&#8221; global_colors_info=&#8221;{}&#8221; custom_css_main_element_last_edited=&#8221;on|phone&#8221; custom_css_main_element_tablet=&#8221;margin-bottom:1.5em;&#8221; custom_css_main_element_phone=&#8221;margin-bottom:1em;&#8221;][et_pb_heading title=&#8221;@ET-DC@eyJkeW5hbWljIjp0cnVlLCJjb250ZW50IjoicG9zdF90aXRsZSIsInNldHRpbmdzIjp7ImJlZm9yZSI6IiIsImFmdGVyIjoiIn19@&#8221; _builder_version=&#8221;4.27.4&#8243; _dynamic_attributes=&#8221;title&#8221; _module_preset=&#8221;default&#8221; title_font=&#8221;|700|||||||&#8221; title_font_size=&#8221;40px&#8221; title_line_height=&#8221;1.2em&#8221; custom_margin=&#8221;||0.5em||false|false&#8221; hover_enabled=&#8221;0&#8243; title_font_size_tablet=&#8221;35px&#8221; title_font_size_phone=&#8221;30px&#8221; title_font_size_last_edited=&#8221;on|phone&#8221; custom_css_free_form=&#8221;selector h1{||  padding-bottom:0em;||}&#8221; global_colors_info=&#8221;{}&#8221; title_text_color=&#8221;#26a86f&#8221; sticky_enabled=&#8221;0&#8243;][\/et_pb_heading][et_pb_code _builder_version=&#8221;4.27.4&#8243; _module_preset=&#8221;default&#8221; global_colors_info=&#8221;{}&#8221;]<span class=\"etiqueta-categoria-proyecto\">Sales blanques<\/span>[\/et_pb_code][et_pb_text _builder_version=&#8221;4.27.4&#8243; _module_preset=&#8221;default&#8221; text_font=&#8221;|300|||||||&#8221; hover_enabled=&#8221;0&#8243; global_colors_info=&#8221;{}&#8221; text_font_size=&#8221;18px&#8221; sticky_enabled=&#8221;0&#8243;]<\/p>\n<p>En aquest projecte s\u2019ha creat una nova sala blanca per a l\u2019empresa. (Les sales d\u2019ambient controlat o cleanroom s\u00f3n espais dissenyats per reduir al m\u00e0xim la contaminaci\u00f3, mantenint un ambient as\u00e8ptic).<\/p>\n<p>[\/et_pb_text][\/et_pb_column][\/et_pb_row][et_pb_row _builder_version=&#8221;4.27.4&#8243; _module_preset=&#8221;default&#8221; width=&#8221;90%&#8221; custom_padding=&#8221;1.5em||1.5em||true|false&#8221; global_colors_info=&#8221;{}&#8221;][et_pb_column type=&#8221;4_4&#8243; _builder_version=&#8221;4.27.4&#8243; _module_preset=&#8221;default&#8221; global_colors_info=&#8221;{}&#8221;][et_pb_image src=&#8221;@ET-DC@eyJkeW5hbWljIjp0cnVlLCJjb250ZW50IjoicG9zdF9mZWF0dXJlZF9pbWFnZSIsInNldHRpbmdzIjp7fX0=@&#8221; title_text=&#8221;weloveworkspaces-w-team-equipo&#8221; _builder_version=&#8221;4.27.4&#8243; _dynamic_attributes=&#8221;src&#8221; _module_preset=&#8221;default&#8221; global_colors_info=&#8221;{}&#8221;][\/et_pb_image][\/et_pb_column][\/et_pb_row][et_pb_row _builder_version=&#8221;4.27.4&#8243; _module_preset=&#8221;default&#8221; width=&#8221;90%&#8221; custom_padding=&#8221;1.5em||1.5em||true|false&#8221; global_colors_info=&#8221;{}&#8221;][et_pb_column type=&#8221;4_4&#8243; _builder_version=&#8221;4.27.4&#8243; _module_preset=&#8221;default&#8221; custom_padding=&#8221;||||false|false&#8221; global_colors_info=&#8221;{}&#8221; custom_css_main_element_last_edited=&#8221;on|phone&#8221; custom_css_main_element_tablet=&#8221;margin-bottom:1.5em;&#8221; custom_css_main_element_phone=&#8221;margin-bottom:1em;&#8221;][et_pb_text _builder_version=&#8221;4.27.4&#8243; _module_preset=&#8221;default&#8221; header_font=&#8221;|300|||||||&#8221; header_font_size=&#8221;40px&#8221; header_2_font=&#8221;|300|||||||&#8221; header_2_text_align=&#8221;left&#8221; header_2_font_size=&#8221;40px&#8221; custom_margin=&#8221;||0em||false|false&#8221; custom_padding=&#8221;||0px||false|false&#8221; header_font_size_tablet=&#8221;35px&#8221; header_font_size_phone=&#8221;30px&#8221; header_font_size_last_edited=&#8221;on|phone&#8221; header_2_font_size_tablet=&#8221;35px&#8221; header_2_font_size_phone=&#8221;30px&#8221; header_2_font_size_last_edited=&#8221;on|phone&#8221; custom_css_free_form=&#8221;selector h2{||  margin-bottom:0px;||  padding-bottom:0px;||}&#8221; locked=&#8221;off&#8221; global_colors_info=&#8221;{}&#8221;]<\/p>\n<h2>Perqu\u00e8 la sala compl\u00eds tots els requisits necessaris, s\u2019han dut a terme les seg\u00fcents accions:<\/h2>\n<p>[\/et_pb_text][\/et_pb_column][\/et_pb_row][et_pb_row column_structure=&#8221;1_2,1_2&#8243; _builder_version=&#8221;4.27.4&#8243; _module_preset=&#8221;default&#8221; width=&#8221;90%&#8221; custom_padding=&#8221;1.5em||1.5em||true|false&#8221; global_colors_info=&#8221;{}&#8221;][et_pb_column type=&#8221;1_2&#8243; _builder_version=&#8221;4.27.4&#8243; _module_preset=&#8221;default&#8221; custom_padding=&#8221;||||false|false&#8221; global_colors_info=&#8221;{}&#8221; custom_css_main_element_last_edited=&#8221;on|phone&#8221; custom_css_main_element_tablet=&#8221;margin-bottom:1.5em;&#8221; custom_css_main_element_phone=&#8221;margin-bottom:1em;&#8221;][et_pb_text _builder_version=&#8221;4.27.4&#8243; _module_preset=&#8221;default&#8221; text_font=&#8221;|300|||||||&#8221; text_font_size=&#8221;20px&#8221; text_line_height=&#8221;1.5em&#8221; text_font_size_tablet=&#8221;20px&#8221; text_font_size_phone=&#8221;18px&#8221; text_font_size_last_edited=&#8221;on|tablet&#8221; custom_css_free_form=&#8221;selector ul{||  padding-left:2em !important;||  padding-top:0.5em !important;||}||selector li{||  margin-bottom:0.5em;||}||selector em{||  color:#1C875B;||  font-style:normal;||}||selector ::marker{||  color:#1C875B;||}&#8221; locked=&#8221;off&#8221; global_colors_info=&#8221;{}&#8221;]<\/p>\n<ul>\n<li>L\u2019aire ha de ser est\u00e8ril i, per aquesta ra\u00f3, es renova diverses vegades per hora per eliminar la pres\u00e8ncia de possibles contaminants.<\/li>\n<li>La pressi\u00f3 interna en aquestes sales \u00e9s lleugerament superior a l\u2019exterior per evitar el flux d\u2019aire cap a l\u2019interior quan s\u2019obren les portes.<\/li>\n<li>Les parets estan recobertes de material r\u00edgid tipus policarbonat i els s\u00f2ls solen ser de material vin\u00edlic, ja que ofereix una superf\u00edcie totalment cont\u00ednua, sense ranures.<\/li>\n<\/ul>\n<p>[\/et_pb_text][\/et_pb_column][et_pb_column type=&#8221;1_2&#8243; _builder_version=&#8221;4.27.4&#8243; _module_preset=&#8221;default&#8221; global_colors_info=&#8221;{}&#8221;][et_pb_text _builder_version=&#8221;4.27.4&#8243; _module_preset=&#8221;default&#8221; text_font=&#8221;|300|||||||&#8221; text_font_size=&#8221;20px&#8221; text_line_height=&#8221;1.5em&#8221; text_font_size_tablet=&#8221;20px&#8221; text_font_size_phone=&#8221;18px&#8221; text_font_size_last_edited=&#8221;on|tablet&#8221; custom_css_free_form=&#8221;selector ul{||  padding-left:2em !important;||  padding-top:0.5em !important;||}||selector li{||  margin-bottom:0.5em;||}||selector em{||  color:#1C875B;||  font-style:normal;||}||selector ::marker{||  color:#1C875B;||}&#8221; global_colors_info=&#8221;{}&#8221;]<\/p>\n<ul>\n<li>Les superf\u00edcies de trobada entre el s\u00f2l i les parets estan dissenyades expressament amb formes corbes per evitar l\u2019acumulaci\u00f3 de pols i facilitar el manteniment d\u2019un nivell adequat d\u2019asepsia.<\/li>\n<li>S\u2019utilitzen filtres HEPA d\u2019alta efici\u00e8ncia, que retenen el 99,97% de les part\u00edcules de 0,3 micres presents a l\u2019ambient.<\/li>\n<li>Els fluxos de materials, personal i residus estan supervisats al detall per minimitzar qualsevol risc de contaminaci\u00f3 creuada o des de l\u2019exterior.<\/li>\n<\/ul>\n<p>[\/et_pb_text][\/et_pb_column][\/et_pb_row][et_pb_row column_structure=&#8221;1_2,1_2&#8243; _builder_version=&#8221;4.27.4&#8243; _module_preset=&#8221;default&#8221; width=&#8221;90%&#8221; custom_padding=&#8221;1.5em||1.5em||true|false&#8221; locked=&#8221;off&#8221; global_colors_info=&#8221;{}&#8221;][et_pb_column type=&#8221;1_2&#8243; _builder_version=&#8221;4.27.4&#8243; _module_preset=&#8221;default&#8221; global_colors_info=&#8221;{}&#8221; custom_css_main_element_last_edited=&#8221;on|tablet&#8221; custom_css_main_element_tablet=&#8221;margin-bottom:0px;&#8221; custom_css_main_element_phone=&#8221;margin-bottom:0px;&#8221;][et_pb_image src=&#8221;https:\/\/weloveworkspaces.com\/wp-content\/uploads\/uriach-salas-blancas-obra-en-progreso-weloveworkspaces-scaled.webp&#8221; alt=&#8221;Sala en proc\u00e9s d&#039;obra amb terra parcialment aixecat, runa i eines de construcci\u00f3 sota un sostre amb panells lluminosos encastats.&#8221; title_text=&#8221;uriach-salas-blancas-obra-en-progreso-weloveworkspaces&#8221; _builder_version=&#8221;4.27.4&#8243; _module_preset=&#8221;default&#8221; global_colors_info=&#8221;{}&#8221;][\/et_pb_image][\/et_pb_column][et_pb_column type=&#8221;1_2&#8243; _builder_version=&#8221;4.27.4&#8243; _module_preset=&#8221;default&#8221; global_colors_info=&#8221;{}&#8221;][et_pb_image src=&#8221;https:\/\/weloveworkspaces.com\/wp-content\/uploads\/uriach-salas-blancas-pasillo-instalacion-weloveworkspaces.webp&#8221; alt=&#8221;Pasillo en obres amb portes blaves, panells blancs i material d&#039;instal\u00b7laci\u00f3 distribu\u00eft al terra sota il\u00b7luminaci\u00f3 encastada al sostre.&#8221; title_text=&#8221;uriach-salas-blancas-pasillo-instalacion-weloveworkspaces&#8221; _builder_version=&#8221;4.27.4&#8243; _module_preset=&#8221;default&#8221; global_colors_info=&#8221;{}&#8221;][\/et_pb_image][\/et_pb_column][\/et_pb_row][et_pb_row column_structure=&#8221;1_2,1_2&#8243; _builder_version=&#8221;4.27.4&#8243; _module_preset=&#8221;default&#8221; width=&#8221;90%&#8221; custom_padding=&#8221;1.5em||1.5em||true|false&#8221; locked=&#8221;off&#8221; global_colors_info=&#8221;{}&#8221;][et_pb_column type=&#8221;1_2&#8243; _builder_version=&#8221;4.27.4&#8243; _module_preset=&#8221;default&#8221; global_colors_info=&#8221;{}&#8221; custom_css_main_element_last_edited=&#8221;on|tablet&#8221; custom_css_main_element_tablet=&#8221;margin-bottom:0px;&#8221; custom_css_main_element_phone=&#8221;margin-bottom:0px;&#8221;][et_pb_text _builder_version=&#8221;4.27.4&#8243; _module_preset=&#8221;default&#8221; header_font=&#8221;|300|||||||&#8221; header_font_size=&#8221;40px&#8221; header_2_font=&#8221;|300|||||||&#8221; header_2_text_align=&#8221;left&#8221; header_2_font_size=&#8221;40px&#8221; custom_margin=&#8221;||0em||false|false&#8221; custom_padding=&#8221;||0px||false|false&#8221; header_font_size_tablet=&#8221;35px&#8221; header_font_size_phone=&#8221;30px&#8221; header_font_size_last_edited=&#8221;on|phone&#8221; header_2_font_size_tablet=&#8221;35px&#8221; header_2_font_size_phone=&#8221;30px&#8221; header_2_font_size_last_edited=&#8221;on|phone&#8221; custom_css_free_form=&#8221;selector h2{||  margin-bottom:0px;||  padding-bottom:0px;||}&#8221; locked=&#8221;off&#8221; global_colors_info=&#8221;{}&#8221;]<\/p>\n<h2>Refer\u00e8ncies d&#8217;instal\u00b7laci\u00f3 de Sales Blanques<\/h2>\n<p>[\/et_pb_text][et_pb_text _builder_version=&#8221;4.27.4&#8243; _module_preset=&#8221;default&#8221; text_font=&#8221;|300|||||||&#8221; text_font_size=&#8221;20px&#8221; text_line_height=&#8221;1.5em&#8221; text_font_size_tablet=&#8221;20px&#8221; text_font_size_phone=&#8221;18px&#8221; text_font_size_last_edited=&#8221;on|tablet&#8221; custom_css_free_form=&#8221;selector ul{||  padding-left:2em !important;||  padding-top:0.5em !important;||}||selector li{||  margin-bottom:0.5em;||}||selector em{||  color:#1C875B;||  font-style:normal;||}||selector ::marker{||  color:#1C875B;||}&#8221; global_colors_info=&#8221;{}&#8221;]Sales Blanques, Grup J. Uriach, Pol\u00edgon industrial Riera de Caldes, n\u00fam. 51-57, a Palau-solit\u00e0 i Plegamans (Barcelona).[\/et_pb_text][\/et_pb_column][et_pb_column type=&#8221;1_2&#8243; _builder_version=&#8221;4.27.4&#8243; _module_preset=&#8221;default&#8221; global_colors_info=&#8221;{}&#8221;][et_pb_text _builder_version=&#8221;4.27.4&#8243; _module_preset=&#8221;default&#8221; text_font=&#8221;|300|||||||&#8221; text_font_size=&#8221;20px&#8221; text_line_height=&#8221;1.5em&#8221; text_font_size_tablet=&#8221;20px&#8221; text_font_size_phone=&#8221;18px&#8221; text_font_size_last_edited=&#8221;on|tablet&#8221; custom_css_free_form=&#8221;selector ul{||  padding-left:2em !important;||  padding-top:0.5em !important;||}||selector li{||  margin-bottom:0.5em;||}||selector em{||  color:#1C875B;||  font-style:normal;||}||selector ::marker{||  color:#1C875B;||}&#8221; global_colors_info=&#8221;{}&#8221; max_width__hover_enabled=&#8221;off|desktop&#8221;]<strong>Ubicaci\u00f3:<\/strong> Palau-Solit\u00e0 i Plegamans (Barcelona)<\/p>\n<p><strong>Any de disseny:<\/strong> 2011, 2013, 2016<\/p>\n<p><strong>Client:<\/strong> Grupo J.Uriach<\/p>\n<p><strong>\u00c0rea constru\u00efda:<\/strong> 5.248,01 m\u00b2[\/et_pb_text][\/et_pb_column][\/et_pb_row][et_pb_row _builder_version=&#8221;4.27.4&#8243; _module_preset=&#8221;default&#8221; width=&#8221;90%&#8221; custom_padding=&#8221;1.5em||1.5em||true|false&#8221; global_colors_info=&#8221;{}&#8221;][et_pb_column type=&#8221;4_4&#8243; _builder_version=&#8221;4.27.4&#8243; _module_preset=&#8221;default&#8221; global_colors_info=&#8221;{}&#8221;][et_pb_code _builder_version=&#8221;4.27.4&#8243; _module_preset=&#8221;default&#8221; global_colors_info=&#8221;{}&#8221;]        \n        <div class=\"ultimo-proyecto-wrapper \">\n            <a href=\"https:\/\/weloveworkspaces.com\/ca\/proyectos\/sala-blanca-iso7\/\" class=\"ultimo-proyecto-link\">\n                \n                <!-- Contenedor de 2 columnas -->\n                <div class=\"proyecto-contenido-columnas\">\n                    <!-- Columna 1 -->\n                    <div class=\"proyecto-columna-1\">\n                        \t\t\t\t\t\t<span class=\"proyecto-nuevo\">Otro proyecto<\/span>\n                        <h3 class=\"proyecto-titulo\">Sala Blanca ISO7<\/h3>\n                                                <div class=\"proyecto-categorias\">\n                                                            <span class=\"proyecto-categoria\">Sales blanques<\/span>\n                                                    <\/div>\n                                            <\/div>\n                    \n                    <!-- Columna 2 -->\n                    <div class=\"proyecto-columna-2\">\n                                            <\/div>\n                <\/div>\n\t\t\t\t\n                <!-- Secci\u00f3n de imagen destacada 100% -->\n                                <div class=\"proyecto-imagen-destacada\">\n                    <img decoding=\"async\" src=\"https:\/\/weloveworkspaces.com\/wp-content\/uploads\/sala-blanca-iso7-prat-de-llobregat-1024x417.webp\" alt=\"Sala Blanca ISO7\" class=\"proyecto-imagen\">\n                <\/div>\n                \t\t\t\t\n            <\/a>\n        <\/div>\n        \n        [\/et_pb_code][\/et_pb_column][\/et_pb_row][\/et_pb_section]<\/p>\n","protected":false},"author":1,"featured_media":6768,"parent":0,"template":"","meta":{"_acf_changed":false,"_et_pb_use_builder":"on","_et_pb_old_content":"","_et_gb_content_width":"","inline_featured_image":false,"footnotes":""},"categoria-proyecto":[139],"class_list":["post-7576","proyecto","type-proyecto","status-publish","has-post-thumbnail","hentry","categoria-proyecto-salas-blancas"],"acf":[],"yoast_head":"<!-- This site is optimized with the Yoast SEO plugin v26.6 - https:\/\/yoast.com\/wordpress\/plugins\/seo\/ -->\n<title>Disseny de sala blanca a URIACH | WeLoveWorkSpaces.<\/title>\n<meta name=\"description\" content=\"Projecte de sales blanques per a Uriach a Barcelona. Espais controlats amb filtres HEPA, terres vin\u00edlics i disseny as\u00e8ptic.\" \/>\n<meta name=\"robots\" content=\"index, follow, max-snippet:-1, max-image-preview:large, max-video-preview:-1\" \/>\n<link rel=\"canonical\" href=\"https:\/\/weloveworkspaces.com\/ca\/proyectos\/uriach\/\" \/>\n<meta property=\"og:locale\" content=\"ca_ES\" \/>\n<meta property=\"og:type\" content=\"article\" \/>\n<meta property=\"og:title\" content=\"Disseny de sala blanca a URIACH | WeLoveWorkSpaces.\" \/>\n<meta property=\"og:description\" content=\"Projecte de sales blanques per a Uriach a Barcelona. Espais controlats amb filtres HEPA, terres vin\u00edlics i disseny as\u00e8ptic.\" \/>\n<meta property=\"og:url\" content=\"https:\/\/weloveworkspaces.com\/ca\/proyectos\/uriach\/\" \/>\n<meta property=\"og:site_name\" content=\"WeloveworkSpaces\" \/>\n<meta property=\"article:modified_time\" content=\"2025-11-10T13:19:45+00:00\" \/>\n<meta property=\"og:image\" content=\"https:\/\/weloveworkspaces.com\/wp-content\/uploads\/salas-blancas-uriach-weloveworkspaces-destacada.webp\" \/>\n\t<meta property=\"og:image:width\" content=\"1770\" \/>\n\t<meta property=\"og:image:height\" content=\"720\" \/>\n\t<meta property=\"og:image:type\" content=\"image\/webp\" \/>\n<meta name=\"twitter:card\" content=\"summary_large_image\" \/>\n<meta name=\"twitter:label1\" content=\"Temps estimat de lectura\" \/>\n\t<meta name=\"twitter:data1\" content=\"7 minuts\" \/>\n<script type=\"application\/ld+json\" class=\"yoast-schema-graph\">{\"@context\":\"https:\/\/schema.org\",\"@graph\":[{\"@type\":\"WebPage\",\"@id\":\"https:\/\/weloveworkspaces.com\/ca\/proyectos\/uriach\/\",\"url\":\"https:\/\/weloveworkspaces.com\/ca\/proyectos\/uriach\/\",\"name\":\"Disseny de sala blanca a URIACH | WeLoveWorkSpaces.\",\"isPartOf\":{\"@id\":\"https:\/\/weloveworkspaces.com\/#website\"},\"primaryImageOfPage\":{\"@id\":\"https:\/\/weloveworkspaces.com\/ca\/proyectos\/uriach\/#primaryimage\"},\"image\":{\"@id\":\"https:\/\/weloveworkspaces.com\/ca\/proyectos\/uriach\/#primaryimage\"},\"thumbnailUrl\":\"https:\/\/weloveworkspaces.com\/wp-content\/uploads\/salas-blancas-uriach-weloveworkspaces-destacada.webp\",\"datePublished\":\"2025-10-15T11:06:47+00:00\",\"dateModified\":\"2025-11-10T13:19:45+00:00\",\"description\":\"Projecte de sales blanques per a Uriach a Barcelona. Espais controlats amb filtres HEPA, terres vin\u00edlics i disseny as\u00e8ptic.\",\"breadcrumb\":{\"@id\":\"https:\/\/weloveworkspaces.com\/ca\/proyectos\/uriach\/#breadcrumb\"},\"inLanguage\":\"ca\",\"potentialAction\":[{\"@type\":\"ReadAction\",\"target\":[\"https:\/\/weloveworkspaces.com\/ca\/proyectos\/uriach\/\"]}]},{\"@type\":\"ImageObject\",\"inLanguage\":\"ca\",\"@id\":\"https:\/\/weloveworkspaces.com\/ca\/proyectos\/uriach\/#primaryimage\",\"url\":\"https:\/\/weloveworkspaces.com\/wp-content\/uploads\/salas-blancas-uriach-weloveworkspaces-destacada.webp\",\"contentUrl\":\"https:\/\/weloveworkspaces.com\/wp-content\/uploads\/salas-blancas-uriach-weloveworkspaces-destacada.webp\",\"width\":1770,\"height\":720,\"caption\":\"Interior de Salas Blancas (cleanrooms) de Uriach, con equipamiento y ambiente as\u00e9ptico.\"},{\"@type\":\"BreadcrumbList\",\"@id\":\"https:\/\/weloveworkspaces.com\/ca\/proyectos\/uriach\/#breadcrumb\",\"itemListElement\":[{\"@type\":\"ListItem\",\"position\":1,\"name\":\"Portada\",\"item\":\"https:\/\/weloveworkspaces.com\/ca\/\"},{\"@type\":\"ListItem\",\"position\":2,\"name\":\"Uriach\"}]},{\"@type\":\"WebSite\",\"@id\":\"https:\/\/weloveworkspaces.com\/#website\",\"url\":\"https:\/\/weloveworkspaces.com\/\",\"name\":\"WeloveworkSpaces\",\"description\":\"\",\"potentialAction\":[{\"@type\":\"SearchAction\",\"target\":{\"@type\":\"EntryPoint\",\"urlTemplate\":\"https:\/\/weloveworkspaces.com\/?s={search_term_string}\"},\"query-input\":{\"@type\":\"PropertyValueSpecification\",\"valueRequired\":true,\"valueName\":\"search_term_string\"}}],\"inLanguage\":\"ca\"}]}<\/script>\n<!-- \/ Yoast SEO plugin. -->","yoast_head_json":{"title":"Disseny de sala blanca a URIACH | WeLoveWorkSpaces.","description":"Projecte de sales blanques per a Uriach a Barcelona. Espais controlats amb filtres HEPA, terres vin\u00edlics i disseny as\u00e8ptic.","robots":{"index":"index","follow":"follow","max-snippet":"max-snippet:-1","max-image-preview":"max-image-preview:large","max-video-preview":"max-video-preview:-1"},"canonical":"https:\/\/weloveworkspaces.com\/ca\/proyectos\/uriach\/","og_locale":"ca_ES","og_type":"article","og_title":"Disseny de sala blanca a URIACH | WeLoveWorkSpaces.","og_description":"Projecte de sales blanques per a Uriach a Barcelona. Espais controlats amb filtres HEPA, terres vin\u00edlics i disseny as\u00e8ptic.","og_url":"https:\/\/weloveworkspaces.com\/ca\/proyectos\/uriach\/","og_site_name":"WeloveworkSpaces","article_modified_time":"2025-11-10T13:19:45+00:00","og_image":[{"width":1770,"height":720,"url":"https:\/\/weloveworkspaces.com\/wp-content\/uploads\/salas-blancas-uriach-weloveworkspaces-destacada.webp","type":"image\/webp"}],"twitter_card":"summary_large_image","twitter_misc":{"Temps estimat de lectura":"7 minuts"},"schema":{"@context":"https:\/\/schema.org","@graph":[{"@type":"WebPage","@id":"https:\/\/weloveworkspaces.com\/ca\/proyectos\/uriach\/","url":"https:\/\/weloveworkspaces.com\/ca\/proyectos\/uriach\/","name":"Disseny de sala blanca a URIACH | WeLoveWorkSpaces.","isPartOf":{"@id":"https:\/\/weloveworkspaces.com\/#website"},"primaryImageOfPage":{"@id":"https:\/\/weloveworkspaces.com\/ca\/proyectos\/uriach\/#primaryimage"},"image":{"@id":"https:\/\/weloveworkspaces.com\/ca\/proyectos\/uriach\/#primaryimage"},"thumbnailUrl":"https:\/\/weloveworkspaces.com\/wp-content\/uploads\/salas-blancas-uriach-weloveworkspaces-destacada.webp","datePublished":"2025-10-15T11:06:47+00:00","dateModified":"2025-11-10T13:19:45+00:00","description":"Projecte de sales blanques per a Uriach a Barcelona. Espais controlats amb filtres HEPA, terres vin\u00edlics i disseny as\u00e8ptic.","breadcrumb":{"@id":"https:\/\/weloveworkspaces.com\/ca\/proyectos\/uriach\/#breadcrumb"},"inLanguage":"ca","potentialAction":[{"@type":"ReadAction","target":["https:\/\/weloveworkspaces.com\/ca\/proyectos\/uriach\/"]}]},{"@type":"ImageObject","inLanguage":"ca","@id":"https:\/\/weloveworkspaces.com\/ca\/proyectos\/uriach\/#primaryimage","url":"https:\/\/weloveworkspaces.com\/wp-content\/uploads\/salas-blancas-uriach-weloveworkspaces-destacada.webp","contentUrl":"https:\/\/weloveworkspaces.com\/wp-content\/uploads\/salas-blancas-uriach-weloveworkspaces-destacada.webp","width":1770,"height":720,"caption":"Interior de Salas Blancas (cleanrooms) de Uriach, con equipamiento y ambiente as\u00e9ptico."},{"@type":"BreadcrumbList","@id":"https:\/\/weloveworkspaces.com\/ca\/proyectos\/uriach\/#breadcrumb","itemListElement":[{"@type":"ListItem","position":1,"name":"Portada","item":"https:\/\/weloveworkspaces.com\/ca\/"},{"@type":"ListItem","position":2,"name":"Uriach"}]},{"@type":"WebSite","@id":"https:\/\/weloveworkspaces.com\/#website","url":"https:\/\/weloveworkspaces.com\/","name":"WeloveworkSpaces","description":"","potentialAction":[{"@type":"SearchAction","target":{"@type":"EntryPoint","urlTemplate":"https:\/\/weloveworkspaces.com\/?s={search_term_string}"},"query-input":{"@type":"PropertyValueSpecification","valueRequired":true,"valueName":"search_term_string"}}],"inLanguage":"ca"}]}},"_links":{"self":[{"href":"https:\/\/weloveworkspaces.com\/ca\/wp-json\/wp\/v2\/proyecto\/7576","targetHints":{"allow":["GET"]}}],"collection":[{"href":"https:\/\/weloveworkspaces.com\/ca\/wp-json\/wp\/v2\/proyecto"}],"about":[{"href":"https:\/\/weloveworkspaces.com\/ca\/wp-json\/wp\/v2\/types\/proyecto"}],"author":[{"embeddable":true,"href":"https:\/\/weloveworkspaces.com\/ca\/wp-json\/wp\/v2\/users\/1"}],"version-history":[{"count":3,"href":"https:\/\/weloveworkspaces.com\/ca\/wp-json\/wp\/v2\/proyecto\/7576\/revisions"}],"predecessor-version":[{"id":8056,"href":"https:\/\/weloveworkspaces.com\/ca\/wp-json\/wp\/v2\/proyecto\/7576\/revisions\/8056"}],"wp:featuredmedia":[{"embeddable":true,"href":"https:\/\/weloveworkspaces.com\/ca\/wp-json\/wp\/v2\/media\/6768"}],"wp:attachment":[{"href":"https:\/\/weloveworkspaces.com\/ca\/wp-json\/wp\/v2\/media?parent=7576"}],"wp:term":[{"taxonomy":"categoria-proyecto","embeddable":true,"href":"https:\/\/weloveworkspaces.com\/ca\/wp-json\/wp\/v2\/categoria-proyecto?post=7576"}],"curies":[{"name":"wp","href":"https:\/\/api.w.org\/{rel}","templated":true}]}}