{"id":7661,"date":"2025-10-08T10:59:27","date_gmt":"2025-10-08T08:59:27","guid":{"rendered":"https:\/\/weloveworkspaces.com\/proyectos\/freixenet\/"},"modified":"2025-11-10T18:30:44","modified_gmt":"2025-11-10T17:30:44","slug":"freixenet-cellar","status":"publish","type":"proyecto","link":"https:\/\/weloveworkspaces.com\/en\/proyectos\/freixenet-cellar\/","title":{"rendered":"Freixenet&#8217;s cellar"},"content":{"rendered":"<p>[et_pb_section fb_built=&#8221;1&#8243; _builder_version=&#8221;4.27.4&#8243; _module_preset=&#8221;default&#8221; custom_padding=&#8221;0px||0px||true|false&#8221; global_colors_info=&#8221;{}&#8221;][et_pb_row _builder_version=&#8221;4.27.4&#8243; _module_preset=&#8221;default&#8221; width=&#8221;90%&#8221; custom_padding=&#8221;1.5em||1.5em||true|false&#8221; global_colors_info=&#8221;{}&#8221;][et_pb_column type=&#8221;4_4&#8243; _builder_version=&#8221;4.27.4&#8243; _module_preset=&#8221;default&#8221; global_colors_info=&#8221;{}&#8221; custom_css_main_element_last_edited=&#8221;on|phone&#8221; custom_css_main_element_tablet=&#8221;margin-bottom:1.5em;&#8221; custom_css_main_element_phone=&#8221;margin-bottom:1em;&#8221;][et_pb_heading title=&#8221;@ET-DC@eyJkeW5hbWljIjp0cnVlLCJjb250ZW50IjoicG9zdF90aXRsZSIsInNldHRpbmdzIjp7ImJlZm9yZSI6IiIsImFmdGVyIjoiIn19@&#8221; _builder_version=&#8221;4.27.4&#8243; _dynamic_attributes=&#8221;title&#8221; _module_preset=&#8221;default&#8221; title_font=&#8221;|700|||||||&#8221; title_font_size=&#8221;40px&#8221; title_line_height=&#8221;1.2em&#8221; custom_margin=&#8221;||0.5em||false|false&#8221; hover_enabled=&#8221;0&#8243; title_font_size_tablet=&#8221;35px&#8221; title_font_size_phone=&#8221;30px&#8221; title_font_size_last_edited=&#8221;on|phone&#8221; custom_css_free_form=&#8221;selector h1{||  padding-bottom:0em;||}&#8221; global_colors_info=&#8221;{}&#8221; title_text_color=&#8221;#26a86f&#8221; sticky_enabled=&#8221;0&#8243;][\/et_pb_heading][et_pb_code _builder_version=&#8221;4.27.4&#8243; _module_preset=&#8221;default&#8221; hover_enabled=&#8221;0&#8243; global_colors_info=&#8221;{}&#8221; sticky_enabled=&#8221;0&#8243; locked=&#8221;off&#8221;]<span class=\"etiqueta-categoria-proyecto\">Retail<\/span>[\/et_pb_code][et_pb_text _builder_version=&#8221;4.27.4&#8243; _module_preset=&#8221;default&#8221; text_font=&#8221;|300|||||||&#8221; hover_enabled=&#8221;0&#8243; global_colors_info=&#8221;{}&#8221; text_font_size=&#8221;18px&#8221; sticky_enabled=&#8221;0&#8243;]<\/p>\n<p class=\"p1\"><span>Project for the adaptation of the former Barrel Room for large events.<\/span><\/p>\n<p>[\/et_pb_text][\/et_pb_column][\/et_pb_row][et_pb_row _builder_version=&#8221;4.27.4&#8243; _module_preset=&#8221;default&#8221; width=&#8221;90%&#8221; custom_padding=&#8221;1.5em||1.5em||true|false&#8221; global_colors_info=&#8221;{}&#8221;][et_pb_column type=&#8221;4_4&#8243; _builder_version=&#8221;4.27.4&#8243; _module_preset=&#8221;default&#8221; global_colors_info=&#8221;{}&#8221;][et_pb_image src=&#8221;@ET-DC@eyJkeW5hbWljIjp0cnVlLCJjb250ZW50IjoicG9zdF9mZWF0dXJlZF9pbWFnZSIsInNldHRpbmdzIjp7fX0=@&#8221; title_text=&#8221;weloveworkspaces-w-team-equipo&#8221; _builder_version=&#8221;4.27.4&#8243; _dynamic_attributes=&#8221;src&#8221; _module_preset=&#8221;default&#8221; global_colors_info=&#8221;{}&#8221;][\/et_pb_image][\/et_pb_column][\/et_pb_row][et_pb_row column_structure=&#8221;1_2,1_2&#8243; _builder_version=&#8221;4.27.4&#8243; _module_preset=&#8221;default&#8221; width=&#8221;90%&#8221; custom_padding=&#8221;1.5em||1.5em||true|false&#8221; global_colors_info=&#8221;{}&#8221;][et_pb_column type=&#8221;1_2&#8243; _builder_version=&#8221;4.27.4&#8243; _module_preset=&#8221;default&#8221; custom_padding=&#8221;||||false|false&#8221; global_colors_info=&#8221;{}&#8221; custom_css_main_element_last_edited=&#8221;on|phone&#8221; custom_css_main_element_tablet=&#8221;margin-bottom:1.5em;&#8221; custom_css_main_element_phone=&#8221;margin-bottom:1em;&#8221;][et_pb_text _builder_version=&#8221;4.27.4&#8243; _module_preset=&#8221;default&#8221; header_font=&#8221;|300|||||||&#8221; header_font_size=&#8221;40px&#8221; header_2_font=&#8221;|300|||||||&#8221; header_2_text_align=&#8221;left&#8221; header_2_font_size=&#8221;40px&#8221; custom_margin=&#8221;||0em||false|false&#8221; custom_padding=&#8221;||0px||false|false&#8221; header_font_size_tablet=&#8221;35px&#8221; header_font_size_phone=&#8221;30px&#8221; header_font_size_last_edited=&#8221;on|phone&#8221; header_2_font_size_tablet=&#8221;35px&#8221; header_2_font_size_phone=&#8221;30px&#8221; header_2_font_size_last_edited=&#8221;on|phone&#8221; custom_css_free_form=&#8221;selector h2{||  margin-bottom:0px;||  padding-bottom:0px;||}&#8221; locked=&#8221;off&#8221; global_colors_info=&#8221;{}&#8221;]<\/p>\n<h2>Uniqueness and character<\/h2>\n<p>[\/et_pb_text][\/et_pb_column][et_pb_column type=&#8221;1_2&#8243; _builder_version=&#8221;4.27.4&#8243; _module_preset=&#8221;default&#8221; global_colors_info=&#8221;{}&#8221;][et_pb_text _builder_version=&#8221;4.27.4&#8243; _module_preset=&#8221;default&#8221; text_font=&#8221;|300|||||||&#8221; text_font_size=&#8221;20px&#8221; text_line_height=&#8221;1.5em&#8221; text_font_size_tablet=&#8221;20px&#8221; text_font_size_phone=&#8221;18px&#8221; text_font_size_last_edited=&#8221;on|tablet&#8221; custom_css_free_form=&#8221;selector ul{||  padding-left:2em !important;||  padding-top:0.5em !important;||}||selector li{||  margin-bottom:0.5em;||}||selector em{||  color:#1C875B;||  font-style:normal;||}||selector ::marker{||  color:#1C875B;||}&#8221; global_colors_info=&#8221;{}&#8221;]<\/p>\n<p>The guiding thread of the design proposal emerged from reusing the wine barrels to bring back the essence of the winery.<\/p>\n<p>[\/et_pb_text][\/et_pb_column][\/et_pb_row][et_pb_row column_structure=&#8221;1_2,1_2&#8243; use_custom_gutter=&#8221;on&#8221; gutter_width=&#8221;2&#8243; _builder_version=&#8221;4.27.4&#8243; _module_preset=&#8221;default&#8221; width=&#8221;90%&#8221; custom_padding=&#8221;1em||1em||true|false&#8221; global_colors_info=&#8221;{}&#8221;][et_pb_column type=&#8221;1_2&#8243; _builder_version=&#8221;4.27.4&#8243; _module_preset=&#8221;default&#8221; global_colors_info=&#8221;{}&#8221;][et_pb_image src=&#8221;https:\/\/weloveworkspaces.com\/wp-content\/uploads\/freixenet-weloveworkspaces-2.webp&#8221; title_text=&#8221;freixenet-weloveworkspaces-2&#8243; _builder_version=&#8221;4.27.4&#8243; _module_preset=&#8221;default&#8221; global_colors_info=&#8221;{}&#8221;][\/et_pb_image][\/et_pb_column][et_pb_column type=&#8221;1_2&#8243; _builder_version=&#8221;4.27.4&#8243; _module_preset=&#8221;default&#8221; global_colors_info=&#8221;{}&#8221;][et_pb_image src=&#8221;https:\/\/weloveworkspaces.com\/wp-content\/uploads\/freixenet-weloveworkspaces-3.webp&#8221; title_text=&#8221;freixenet-weloveworkspaces-3&#8243; _builder_version=&#8221;4.27.4&#8243; _module_preset=&#8221;default&#8221; global_colors_info=&#8221;{}&#8221;][\/et_pb_image][\/et_pb_column][\/et_pb_row][et_pb_row column_structure=&#8221;1_2,1_2&#8243; _builder_version=&#8221;4.27.4&#8243; _module_preset=&#8221;default&#8221; width=&#8221;90%&#8221; custom_padding=&#8221;1em||1em||true|false&#8221; global_colors_info=&#8221;{}&#8221;][et_pb_column type=&#8221;1_2&#8243; _builder_version=&#8221;4.27.4&#8243; _module_preset=&#8221;default&#8221; global_colors_info=&#8221;{}&#8221; custom_css_main_element_last_edited=&#8221;on|tablet&#8221; custom_css_main_element_tablet=&#8221;margin-bottom:0px;&#8221; custom_css_main_element_phone=&#8221;margin-bottom:0px;&#8221;][et_pb_text _builder_version=&#8221;4.27.4&#8243; _module_preset=&#8221;default&#8221; text_font=&#8221;|300|||||||&#8221; text_font_size=&#8221;20px&#8221; text_line_height=&#8221;1.5em&#8221; text_font_size_tablet=&#8221;20px&#8221; text_font_size_phone=&#8221;18px&#8221; text_font_size_last_edited=&#8221;on|tablet&#8221; custom_css_free_form=&#8221;selector ul{||  padding-left:2em !important;||  padding-top:0.5em !important;||}||selector li{||  margin-bottom:0.5em;||}||selector em{||  color:#1C875B;||  font-style:normal;||}||selector ::marker{||  color:#1C875B;||}&#8221; global_colors_info=&#8221;{}&#8221;]Wood has also been used, together with green and brown colours that recall wine bottles. All this harmony of materials and colours coexists with murals, greenery and lighting that enliven and set the atmosphere of the space.<br \/>[\/et_pb_text][\/et_pb_column][et_pb_column type=&#8221;1_2&#8243; _builder_version=&#8221;4.27.4&#8243; _module_preset=&#8221;default&#8221; global_colors_info=&#8221;{}&#8221; custom_css_main_element_last_edited=&#8221;on|tablet&#8221; custom_css_main_element_tablet=&#8221;display:none;&#8221; custom_css_main_element_phone=&#8221;display:none;&#8221;][\/et_pb_column][\/et_pb_row][et_pb_row column_structure=&#8221;1_2,1_2&#8243; use_custom_gutter=&#8221;on&#8221; gutter_width=&#8221;2&#8243; _builder_version=&#8221;4.27.4&#8243; _module_preset=&#8221;default&#8221; width=&#8221;90%&#8221; custom_padding=&#8221;1em||1em||true|false&#8221; global_colors_info=&#8221;{}&#8221;][et_pb_column type=&#8221;1_2&#8243; _builder_version=&#8221;4.27.4&#8243; _module_preset=&#8221;default&#8221; global_colors_info=&#8221;{}&#8221;][et_pb_image src=&#8221;https:\/\/weloveworkspaces.com\/wp-content\/uploads\/freixenet-weloveworkspaces-4.webp&#8221; title_text=&#8221;freixenet-weloveworkspaces-4&#8243; _builder_version=&#8221;4.27.4&#8243; _module_preset=&#8221;default&#8221; global_colors_info=&#8221;{}&#8221;][\/et_pb_image][et_pb_image src=&#8221;https:\/\/weloveworkspaces.com\/wp-content\/uploads\/freixenet-weloveworkspaces-5.webp&#8221; title_text=&#8221;freixenet-weloveworkspaces-5&#8243; _builder_version=&#8221;4.27.4&#8243; _module_preset=&#8221;default&#8221; global_colors_info=&#8221;{}&#8221;][\/et_pb_image][\/et_pb_column][et_pb_column type=&#8221;1_2&#8243; _builder_version=&#8221;4.27.4&#8243; _module_preset=&#8221;default&#8221; global_colors_info=&#8221;{}&#8221;][et_pb_image src=&#8221;https:\/\/weloveworkspaces.com\/wp-content\/uploads\/freixenet-weloveworkspaces-7.webp&#8221; title_text=&#8221;freixenet-weloveworkspaces-7&#8243; _builder_version=&#8221;4.27.4&#8243; _module_preset=&#8221;default&#8221; global_colors_info=&#8221;{}&#8221;][\/et_pb_image][et_pb_image src=&#8221;https:\/\/weloveworkspaces.com\/wp-content\/uploads\/freixenet-weloveworkspaces-6.webp&#8221; title_text=&#8221;freixenet-weloveworkspaces-6&#8243; _builder_version=&#8221;4.27.4&#8243; _module_preset=&#8221;default&#8221; global_colors_info=&#8221;{}&#8221;][\/et_pb_image][\/et_pb_column][\/et_pb_row][et_pb_row column_structure=&#8221;1_2,1_2&#8243; _builder_version=&#8221;4.27.4&#8243; _module_preset=&#8221;default&#8221; width=&#8221;90%&#8221; custom_padding=&#8221;1.5em||1.5em||true|false&#8221; global_colors_info=&#8221;{}&#8221;][et_pb_column type=&#8221;1_2&#8243; _builder_version=&#8221;4.27.4&#8243; _module_preset=&#8221;default&#8221; global_colors_info=&#8221;{}&#8221; custom_css_main_element_last_edited=&#8221;on|tablet&#8221; custom_css_main_element_tablet=&#8221;display:none;&#8221; custom_css_main_element_phone=&#8221;display:none;&#8221;][\/et_pb_column][et_pb_column type=&#8221;1_2&#8243; _builder_version=&#8221;4.27.4&#8243; _module_preset=&#8221;default&#8221; global_colors_info=&#8221;{}&#8221;][et_pb_text _builder_version=&#8221;4.27.4&#8243; _module_preset=&#8221;default&#8221; text_font=&#8221;|300|||||||&#8221; text_font_size=&#8221;20px&#8221; text_line_height=&#8221;1.5em&#8221; text_font_size_tablet=&#8221;20px&#8221; text_font_size_phone=&#8221;18px&#8221; text_font_size_last_edited=&#8221;on|tablet&#8221; custom_css_free_form=&#8221;selector ul{||  padding-left:2em !important;||  padding-top:0.5em !important;||}||selector li{||  margin-bottom:0.5em;||}||selector em{||  color:#1C875B;||  font-style:normal;||}||selector ::marker{||  color:#1C875B;||}&#8221; global_colors_info=&#8221;{}&#8221; max_width__hover_enabled=&#8221;off|desktop&#8221;]<\/p>\n<p><strong>Location:<\/strong> Sant Sadurn\u00ed d\u2019Anoia (Barcelona).<br \/><strong>Year commissioned:<\/strong> 2022<br \/><strong>Built area:<\/strong> 850 m\u00b2<br \/><strong>Link:<\/strong> <a href=\"https:\/\/freixenet.com\/es\/ca\/\" target=\"_blank\" rel=\"noopener\">https:\/\/freixenet.com\/es\/ca\/<\/a><\/p>\n<p>[\/et_pb_text][\/et_pb_column][\/et_pb_row][et_pb_row _builder_version=&#8221;4.27.4&#8243; _module_preset=&#8221;default&#8221; width=&#8221;90%&#8221; custom_padding=&#8221;1.5em||1.5em||true|false&#8221; global_colors_info=&#8221;{}&#8221;][et_pb_column type=&#8221;4_4&#8243; _builder_version=&#8221;4.27.4&#8243; _module_preset=&#8221;default&#8221; global_colors_info=&#8221;{}&#8221;][et_pb_code _builder_version=&#8221;4.27.4&#8243; _module_preset=&#8221;default&#8221; global_colors_info=&#8221;{}&#8221;]        \n        <div class=\"ultimo-proyecto-wrapper \">\n            <a href=\"https:\/\/weloveworkspaces.com\/en\/proyectos\/vens-a-saltar\/\" class=\"ultimo-proyecto-link\">\n                \n                <!-- Contenedor de 2 columnas -->\n                <div class=\"proyecto-contenido-columnas\">\n                    <!-- Columna 1 -->\n                    <div class=\"proyecto-columna-1\">\n                        \t\t\t\t\t\t<span class=\"proyecto-nuevo\">Otro proyecto<\/span>\n                        <h3 class=\"proyecto-titulo\">V\u00e9ns a Saltar?<\/h3>\n                                                <div class=\"proyecto-categorias\">\n                                                            <span class=\"proyecto-categoria\">Retail<\/span>\n                                                    <\/div>\n                                            <\/div>\n                    \n                    <!-- Columna 2 -->\n                    <div class=\"proyecto-columna-2\">\n                                            <\/div>\n                <\/div>\n\t\t\t\t\n                <!-- Secci\u00f3n de imagen destacada 100% -->\n                                <div class=\"proyecto-imagen-destacada\">\n                    <img decoding=\"async\" src=\"https:\/\/weloveworkspaces.com\/wp-content\/uploads\/vens-a-saltar-sant-cugat-del-valles-1024x417.webp\" alt=\"V\u00e9ns a Saltar?\" class=\"proyecto-imagen\">\n                <\/div>\n                \t\t\t\t\n            <\/a>\n        <\/div>\n        \n        [\/et_pb_code][\/et_pb_column][\/et_pb_row][\/et_pb_section]<\/p>\n","protected":false},"author":1,"featured_media":5349,"parent":0,"template":"","meta":{"_acf_changed":false,"_et_pb_use_builder":"on","_et_pb_old_content":"","_et_gb_content_width":"","inline_featured_image":false,"footnotes":""},"categoria-proyecto":[146],"class_list":["post-7661","proyecto","type-proyecto","status-publish","has-post-thumbnail","hentry","categoria-proyecto-retail"],"acf":[],"yoast_head":"<!-- This site is optimized with the Yoast SEO plugin v26.6 - https:\/\/yoast.com\/wordpress\/plugins\/seo\/ -->\n<title>Event hall design at Freixenet Sant Sadurn\u00ed | WeLoveWorkSpaces<\/title>\n<meta name=\"description\" content=\"Interior design project for Freixenet in Sant Sadurn\u00ed d\u2019Anoia, adapting the former barrel room with wood and a wine-inspired essence.\" \/>\n<meta name=\"robots\" content=\"index, follow, max-snippet:-1, max-image-preview:large, max-video-preview:-1\" \/>\n<link rel=\"canonical\" href=\"https:\/\/weloveworkspaces.com\/en\/proyectos\/freixenet-cellar\/\" \/>\n<meta property=\"og:locale\" content=\"en_US\" \/>\n<meta property=\"og:type\" content=\"article\" \/>\n<meta property=\"og:title\" content=\"Event hall design at Freixenet Sant Sadurn\u00ed | WeLoveWorkSpaces\" \/>\n<meta property=\"og:description\" content=\"Interior design project for Freixenet in Sant Sadurn\u00ed d\u2019Anoia, adapting the former barrel room with wood and a wine-inspired essence.\" \/>\n<meta property=\"og:url\" content=\"https:\/\/weloveworkspaces.com\/en\/proyectos\/freixenet-cellar\/\" \/>\n<meta property=\"og:site_name\" content=\"WeloveworkSpaces\" \/>\n<meta property=\"article:modified_time\" content=\"2025-11-10T17:30:44+00:00\" \/>\n<meta property=\"og:image\" content=\"https:\/\/weloveworkspaces.com\/wp-content\/uploads\/cavas-freixenet-sant-sadurni-d-anoia.webp\" \/>\n\t<meta property=\"og:image:width\" content=\"1770\" \/>\n\t<meta property=\"og:image:height\" content=\"720\" \/>\n\t<meta property=\"og:image:type\" content=\"image\/webp\" \/>\n<meta name=\"twitter:card\" content=\"summary_large_image\" \/>\n<meta name=\"twitter:label1\" content=\"Est. reading time\" \/>\n\t<meta name=\"twitter:data1\" content=\"6 minutes\" \/>\n<script type=\"application\/ld+json\" class=\"yoast-schema-graph\">{\"@context\":\"https:\/\/schema.org\",\"@graph\":[{\"@type\":\"WebPage\",\"@id\":\"https:\/\/weloveworkspaces.com\/en\/proyectos\/freixenet-cellar\/\",\"url\":\"https:\/\/weloveworkspaces.com\/en\/proyectos\/freixenet-cellar\/\",\"name\":\"Event hall design at Freixenet Sant Sadurn\u00ed | WeLoveWorkSpaces\",\"isPartOf\":{\"@id\":\"https:\/\/weloveworkspaces.com\/#website\"},\"primaryImageOfPage\":{\"@id\":\"https:\/\/weloveworkspaces.com\/en\/proyectos\/freixenet-cellar\/#primaryimage\"},\"image\":{\"@id\":\"https:\/\/weloveworkspaces.com\/en\/proyectos\/freixenet-cellar\/#primaryimage\"},\"thumbnailUrl\":\"https:\/\/weloveworkspaces.com\/wp-content\/uploads\/cavas-freixenet-sant-sadurni-d-anoia.webp\",\"datePublished\":\"2025-10-08T08:59:27+00:00\",\"dateModified\":\"2025-11-10T17:30:44+00:00\",\"description\":\"Interior design project for Freixenet in Sant Sadurn\u00ed d\u2019Anoia, adapting the former barrel room with wood and a wine-inspired essence.\",\"breadcrumb\":{\"@id\":\"https:\/\/weloveworkspaces.com\/en\/proyectos\/freixenet-cellar\/#breadcrumb\"},\"inLanguage\":\"en-US\",\"potentialAction\":[{\"@type\":\"ReadAction\",\"target\":[\"https:\/\/weloveworkspaces.com\/en\/proyectos\/freixenet-cellar\/\"]}]},{\"@type\":\"ImageObject\",\"inLanguage\":\"en-US\",\"@id\":\"https:\/\/weloveworkspaces.com\/en\/proyectos\/freixenet-cellar\/#primaryimage\",\"url\":\"https:\/\/weloveworkspaces.com\/wp-content\/uploads\/cavas-freixenet-sant-sadurni-d-anoia.webp\",\"contentUrl\":\"https:\/\/weloveworkspaces.com\/wp-content\/uploads\/cavas-freixenet-sant-sadurni-d-anoia.webp\",\"width\":1770,\"height\":720,\"caption\":\"Cavas Freixenet en Sant Sadurn\u00ed d\u2019Anoia \u2014 fachada hist\u00f3rica con cartel cer\u00e1mico y ambiente vin\u00edcola\"},{\"@type\":\"BreadcrumbList\",\"@id\":\"https:\/\/weloveworkspaces.com\/en\/proyectos\/freixenet-cellar\/#breadcrumb\",\"itemListElement\":[{\"@type\":\"ListItem\",\"position\":1,\"name\":\"Portada\",\"item\":\"https:\/\/weloveworkspaces.com\/en\/\"},{\"@type\":\"ListItem\",\"position\":2,\"name\":\"Freixenet&#8217;s cellar\"}]},{\"@type\":\"WebSite\",\"@id\":\"https:\/\/weloveworkspaces.com\/#website\",\"url\":\"https:\/\/weloveworkspaces.com\/\",\"name\":\"WeloveworkSpaces\",\"description\":\"\",\"potentialAction\":[{\"@type\":\"SearchAction\",\"target\":{\"@type\":\"EntryPoint\",\"urlTemplate\":\"https:\/\/weloveworkspaces.com\/?s={search_term_string}\"},\"query-input\":{\"@type\":\"PropertyValueSpecification\",\"valueRequired\":true,\"valueName\":\"search_term_string\"}}],\"inLanguage\":\"en-US\"}]}<\/script>\n<!-- \/ Yoast SEO plugin. -->","yoast_head_json":{"title":"Event hall design at Freixenet Sant Sadurn\u00ed | WeLoveWorkSpaces","description":"Interior design project for Freixenet in Sant Sadurn\u00ed d\u2019Anoia, adapting the former barrel room with wood and a wine-inspired essence.","robots":{"index":"index","follow":"follow","max-snippet":"max-snippet:-1","max-image-preview":"max-image-preview:large","max-video-preview":"max-video-preview:-1"},"canonical":"https:\/\/weloveworkspaces.com\/en\/proyectos\/freixenet-cellar\/","og_locale":"en_US","og_type":"article","og_title":"Event hall design at Freixenet Sant Sadurn\u00ed | WeLoveWorkSpaces","og_description":"Interior design project for Freixenet in Sant Sadurn\u00ed d\u2019Anoia, adapting the former barrel room with wood and a wine-inspired essence.","og_url":"https:\/\/weloveworkspaces.com\/en\/proyectos\/freixenet-cellar\/","og_site_name":"WeloveworkSpaces","article_modified_time":"2025-11-10T17:30:44+00:00","og_image":[{"width":1770,"height":720,"url":"https:\/\/weloveworkspaces.com\/wp-content\/uploads\/cavas-freixenet-sant-sadurni-d-anoia.webp","type":"image\/webp"}],"twitter_card":"summary_large_image","twitter_misc":{"Est. reading time":"6 minutes"},"schema":{"@context":"https:\/\/schema.org","@graph":[{"@type":"WebPage","@id":"https:\/\/weloveworkspaces.com\/en\/proyectos\/freixenet-cellar\/","url":"https:\/\/weloveworkspaces.com\/en\/proyectos\/freixenet-cellar\/","name":"Event hall design at Freixenet Sant Sadurn\u00ed | WeLoveWorkSpaces","isPartOf":{"@id":"https:\/\/weloveworkspaces.com\/#website"},"primaryImageOfPage":{"@id":"https:\/\/weloveworkspaces.com\/en\/proyectos\/freixenet-cellar\/#primaryimage"},"image":{"@id":"https:\/\/weloveworkspaces.com\/en\/proyectos\/freixenet-cellar\/#primaryimage"},"thumbnailUrl":"https:\/\/weloveworkspaces.com\/wp-content\/uploads\/cavas-freixenet-sant-sadurni-d-anoia.webp","datePublished":"2025-10-08T08:59:27+00:00","dateModified":"2025-11-10T17:30:44+00:00","description":"Interior design project for Freixenet in Sant Sadurn\u00ed d\u2019Anoia, adapting the former barrel room with wood and a wine-inspired essence.","breadcrumb":{"@id":"https:\/\/weloveworkspaces.com\/en\/proyectos\/freixenet-cellar\/#breadcrumb"},"inLanguage":"en-US","potentialAction":[{"@type":"ReadAction","target":["https:\/\/weloveworkspaces.com\/en\/proyectos\/freixenet-cellar\/"]}]},{"@type":"ImageObject","inLanguage":"en-US","@id":"https:\/\/weloveworkspaces.com\/en\/proyectos\/freixenet-cellar\/#primaryimage","url":"https:\/\/weloveworkspaces.com\/wp-content\/uploads\/cavas-freixenet-sant-sadurni-d-anoia.webp","contentUrl":"https:\/\/weloveworkspaces.com\/wp-content\/uploads\/cavas-freixenet-sant-sadurni-d-anoia.webp","width":1770,"height":720,"caption":"Cavas Freixenet en Sant Sadurn\u00ed d\u2019Anoia \u2014 fachada hist\u00f3rica con cartel cer\u00e1mico y ambiente vin\u00edcola"},{"@type":"BreadcrumbList","@id":"https:\/\/weloveworkspaces.com\/en\/proyectos\/freixenet-cellar\/#breadcrumb","itemListElement":[{"@type":"ListItem","position":1,"name":"Portada","item":"https:\/\/weloveworkspaces.com\/en\/"},{"@type":"ListItem","position":2,"name":"Freixenet&#8217;s cellar"}]},{"@type":"WebSite","@id":"https:\/\/weloveworkspaces.com\/#website","url":"https:\/\/weloveworkspaces.com\/","name":"WeloveworkSpaces","description":"","potentialAction":[{"@type":"SearchAction","target":{"@type":"EntryPoint","urlTemplate":"https:\/\/weloveworkspaces.com\/?s={search_term_string}"},"query-input":{"@type":"PropertyValueSpecification","valueRequired":true,"valueName":"search_term_string"}}],"inLanguage":"en-US"}]}},"_links":{"self":[{"href":"https:\/\/weloveworkspaces.com\/en\/wp-json\/wp\/v2\/proyecto\/7661","targetHints":{"allow":["GET"]}}],"collection":[{"href":"https:\/\/weloveworkspaces.com\/en\/wp-json\/wp\/v2\/proyecto"}],"about":[{"href":"https:\/\/weloveworkspaces.com\/en\/wp-json\/wp\/v2\/types\/proyecto"}],"author":[{"embeddable":true,"href":"https:\/\/weloveworkspaces.com\/en\/wp-json\/wp\/v2\/users\/1"}],"version-history":[{"count":5,"href":"https:\/\/weloveworkspaces.com\/en\/wp-json\/wp\/v2\/proyecto\/7661\/revisions"}],"predecessor-version":[{"id":8096,"href":"https:\/\/weloveworkspaces.com\/en\/wp-json\/wp\/v2\/proyecto\/7661\/revisions\/8096"}],"wp:featuredmedia":[{"embeddable":true,"href":"https:\/\/weloveworkspaces.com\/en\/wp-json\/wp\/v2\/media\/5349"}],"wp:attachment":[{"href":"https:\/\/weloveworkspaces.com\/en\/wp-json\/wp\/v2\/media?parent=7661"}],"wp:term":[{"taxonomy":"categoria-proyecto","embeddable":true,"href":"https:\/\/weloveworkspaces.com\/en\/wp-json\/wp\/v2\/categoria-proyecto?post=7661"}],"curies":[{"name":"wp","href":"https:\/\/api.w.org\/{rel}","templated":true}]}}